{"id":24919,"date":"2024-07-08T17:36:51","date_gmt":"2024-07-08T15:36:51","guid":{"rendered":"https:\/\/cc-qrga.fr\/?page_id=24919"},"modified":"2025-08-29T15:08:54","modified_gmt":"2025-08-29T13:08:54","slug":"reseautage","status":"publish","type":"page","link":"https:\/\/cc-qrga.fr\/en\/reseautage\/","title":{"rendered":"R\u00e9seaux professionnels"},"content":{"rendered":"<div data-elementor-type=\"wp-page\" data-elementor-id=\"24919\" class=\"elementor elementor-24919\" data-elementor-post-type=\"page\">\n\t\t\t\t<div class=\"has_eae_slider elementor-element elementor-element-ef2c243 e-flex e-con-boxed e-con e-parent\" data-eae-slider=\"20137\" data-id=\"ef2c243\" data-element_type=\"container\" data-e-type=\"container\">\n\t\t\t\t\t<div class=\"e-con-inner\">\n\t\t\t\t<div class=\"elementor-element elementor-element-0dda124 elementor-widget elementor-widget-heading\" data-id=\"0dda124\" data-element_type=\"widget\" data-e-type=\"widget\" data-widget_type=\"heading.default\">\n\t\t\t\t<div class=\"elementor-widget-container\">\n\t\t\t\t\t<h1 class=\"elementor-heading-title elementor-size-default\">professional networks<\/h1>\t\t\t\t<\/div>\n\t\t\t\t<\/div>\n\t\t\t\t<div class=\"elementor-element elementor-element-70e8c74 elementor-widget-divider--view-line elementor-widget elementor-widget-divider\" data-id=\"70e8c74\" data-element_type=\"widget\" data-e-type=\"widget\" data-widget_type=\"divider.default\">\n\t\t\t\t<div class=\"elementor-widget-container\">\n\t\t\t\t\t\t\t<div class=\"elementor-divider\">\n\t\t\t<span class=\"elementor-divider-separator\">\n\t\t\t\t\t\t<\/span>\n\t\t<\/div>\n\t\t\t\t\t\t<\/div>\n\t\t\t\t<\/div>\n\t\t\t\t\t<\/div>\n\t\t\t\t<\/div>\n\t\t<div class=\"has_eae_slider elementor-element elementor-element-c8001f5 e-flex e-con-boxed e-con e-parent\" data-eae-slider=\"50845\" data-id=\"c8001f5\" data-element_type=\"container\" data-e-type=\"container\">\n\t\t\t\t\t<div class=\"e-con-inner\">\n\t\t<div class=\"has_eae_slider elementor-element elementor-element-4c698e2 e-con-full e-flex e-con e-child\" data-eae-slider=\"50034\" data-id=\"4c698e2\" data-element_type=\"container\" data-e-type=\"container\">\n\t\t\t\t<div class=\"elementor-element elementor-element-1a317a8 elementor-widget elementor-widget-heading\" data-id=\"1a317a8\" data-element_type=\"widget\" data-e-type=\"widget\" data-widget_type=\"heading.default\">\n\t\t\t\t<div class=\"elementor-widget-container\">\n\t\t\t\t\t<h1 class=\"elementor-heading-title elementor-size-default\">Intercommunal business club <\/h1>\t\t\t\t<\/div>\n\t\t\t\t<\/div>\n\t\t\t\t<div class=\"elementor-element elementor-element-abf0dbd elementor-widget elementor-widget-image\" data-id=\"abf0dbd\" data-element_type=\"widget\" data-e-type=\"widget\" data-widget_type=\"image.default\">\n\t\t\t\t<div class=\"elementor-widget-container\">\n\t\t\t\t\t\t\t\t\t\t\t\t\t\t\t\t<a href=\"https:\/\/www.facebook.com\/clubadret\/\" target=\"_blank\">\n\t\t\t\t\t\t\t<img decoding=\"async\" width=\"300\" height=\"93\" src=\"https:\/\/cc-qrga.fr\/wp-content\/uploads\/2024\/07\/Club-ADRET-300x93.png\" class=\"attachment-medium size-medium wp-image-24948\" alt=\"\" srcset=\"https:\/\/cc-qrga.fr\/wp-content\/uploads\/2024\/07\/Club-ADRET-300x93.png 300w, https:\/\/cc-qrga.fr\/wp-content\/uploads\/2024\/07\/Club-ADRET.png 404w\" sizes=\"(max-width: 300px) 100vw, 300px\" \/>\t\t\t\t\t\t\t\t<\/a>\n\t\t\t\t\t\t\t\t\t\t\t\t\t\t\t<\/div>\n\t\t\t\t<\/div>\n\t\t\t\t<div class=\"elementor-element elementor-element-dc94b9b elementor-widget elementor-widget-text-editor\" data-id=\"dc94b9b\" data-element_type=\"widget\" data-e-type=\"widget\" data-widget_type=\"text-editor.default\">\n\t\t\t\t<div class=\"elementor-widget-container\">\n\t\t\t\t\t\t\t\t\t<p><span data-contrast=\"auto\">The ADRET Club (Association pour le D\u00e9veloppement et la R\u00e9ussite Economique du Territoire - Association for the Development and Economic Success of the Region) is an association set up by business leaders in the QRGA to share issues of common interest.<\/span><span data-ccp-props=\"{&quot;134233117&quot;:true,&quot;134233118&quot;:true,&quot;201341983&quot;:0,&quot;335559740&quot;:259}\">\u00a0<\/span><\/p><p class=\"text-build-content\">Entrepreneurs and project leaders: would you like to boost your business and join a committed community?<\/p><p class=\"text-build-content\" style=\"text-align: center;\">\ud83c\udf1f <strong>Discover all the advantages of the Club<\/strong> \ud83c\udf1f<\/p><p class=\"text-build-content\">\u00a0 \u00a0 \ud83e\udd1d Expand your network through rewarding encounters<\/p><p class=\"text-build-content\">\u00a0 \u00a0 \ud83d\udca1 Boost your business with practical workshops and exchanges of expertise<\/p><p class=\"text-build-content\">\u00a0 \u00a0 \ud83d\udde3\ufe0f Have your say on local and economic issues<\/p><p class=\"text-build-content\">\u00a0 \u00a0 \ud83d\udcc8 Stay informed with active business intelligence<\/p><p class=\"text-build-content\">\u00a0 \u00a0 \ud83c\udf0d Promote your region and contribute to its attractiveness!\u00a0<\/p><p class=\"text-build-content\">And above all... enjoy friendly bi-monthly get-togethers in the heart of our beautiful rural area! \ud83c\udf3e\u2728<\/p>\t\t\t\t\t\t\t\t<\/div>\n\t\t\t\t<\/div>\n\t\t\t\t<div class=\"elementor-element elementor-element-7646254 elementor-align-center elementor-widget elementor-widget-button\" data-id=\"7646254\" data-element_type=\"widget\" data-e-type=\"widget\" data-widget_type=\"button.default\">\n\t\t\t\t<div class=\"elementor-widget-container\">\n\t\t\t\t\t\t\t\t\t<div class=\"elementor-button-wrapper\">\n\t\t\t\t\t<a class=\"elementor-button elementor-button-link elementor-size-sm elementor-animation-shrink\" href=\"https:\/\/www.adret-qrga.fr\/\" target=\"_blank\">\n\t\t\t\t\t\t<span class=\"elementor-button-content-wrapper\">\n\t\t\t\t\t\t\t\t\t<span class=\"elementor-button-text\">plus d\u2019informations ici<\/span>\n\t\t\t\t\t<\/span>\n\t\t\t\t\t<\/a>\n\t\t\t\t<\/div>\n\t\t\t\t\t\t\t\t<\/div>\n\t\t\t\t<\/div>\n\t\t\t\t<div class=\"elementor-element elementor-element-c732b2e elementor-icon-list--layout-traditional elementor-list-item-link-full_width elementor-widget elementor-widget-icon-list\" data-id=\"c732b2e\" data-element_type=\"widget\" data-e-type=\"widget\" data-widget_type=\"icon-list.default\">\n\t\t\t\t<div class=\"elementor-widget-container\">\n\t\t\t\t\t\t\t<ul class=\"elementor-icon-list-items\">\n\t\t\t\t\t\t\t<li class=\"elementor-icon-list-item\">\n\t\t\t\t\t\t\t\t\t\t\t<span class=\"elementor-icon-list-icon\">\n\t\t\t\t\t\t\t<i aria-hidden=\"true\" class=\"fas fa-user\"><\/i>\t\t\t\t\t\t<\/span>\n\t\t\t\t\t\t\t\t\t\t<span class=\"elementor-icon-list-text\">Pr\u00e9sidente : Monika KUJUNDZIC\u00a0<\/span>\n\t\t\t\t\t\t\t\t\t<\/li>\n\t\t\t\t\t\t\t\t<li class=\"elementor-icon-list-item\">\n\t\t\t\t\t\t\t\t\t\t\t<span class=\"elementor-icon-list-icon\">\n\t\t\t\t\t\t\t<i aria-hidden=\"true\" class=\"fas fa-phone-alt\"><\/i>\t\t\t\t\t\t<\/span>\n\t\t\t\t\t\t\t\t\t\t<span class=\"elementor-icon-list-text\">06 62 02 77 15<\/span>\n\t\t\t\t\t\t\t\t\t<\/li>\n\t\t\t\t\t\t\t\t<li class=\"elementor-icon-list-item\">\n\t\t\t\t\t\t\t\t\t\t\t<a href=\"mailto:club.adret@gmail.com\u00a0\u00a0\">\n\n\t\t\t\t\t\t\t\t\t\t\t\t<span class=\"elementor-icon-list-icon\">\n\t\t\t\t\t\t\t<i aria-hidden=\"true\" class=\"fas fa-envelope\"><\/i>\t\t\t\t\t\t<\/span>\n\t\t\t\t\t\t\t\t\t\t<span class=\"elementor-icon-list-text\">club.adret@gmail.com\u00a0<\/span>\n\t\t\t\t\t\t\t\t\t\t\t<\/a>\n\t\t\t\t\t\t\t\t\t<\/li>\n\t\t\t\t\t\t\t\t<li class=\"elementor-icon-list-item\">\n\t\t\t\t\t\t\t\t\t\t\t<a href=\"https:\/\/www.facebook.com\/clubadret\/\" target=\"_blank\">\n\n\t\t\t\t\t\t\t\t\t\t\t\t<span class=\"elementor-icon-list-icon\">\n\t\t\t\t\t\t\t<i aria-hidden=\"true\" class=\"fab fa-facebook\"><\/i>\t\t\t\t\t\t<\/span>\n\t\t\t\t\t\t\t\t\t\t<span class=\"elementor-icon-list-text\">Facebook Club ADRET<\/span>\n\t\t\t\t\t\t\t\t\t\t\t<\/a>\n\t\t\t\t\t\t\t\t\t<\/li>\n\t\t\t\t\t\t\t\t<li class=\"elementor-icon-list-item\">\n\t\t\t\t\t\t\t\t\t\t\t<a href=\"https:\/\/www.adret-qrga.fr\/\" target=\"_blank\">\n\n\t\t\t\t\t\t\t\t\t\t\t\t<span class=\"elementor-icon-list-icon\">\n\t\t\t\t\t\t\t<i aria-hidden=\"true\" class=\"fas fa-globe\"><\/i>\t\t\t\t\t\t<\/span>\n\t\t\t\t\t\t\t\t\t\t<span class=\"elementor-icon-list-text\">Website <\/span>\n\t\t\t\t\t\t\t\t\t\t\t<\/a>\n\t\t\t\t\t\t\t\t\t<\/li>\n\t\t\t\t\t\t<\/ul>\n\t\t\t\t\t\t<\/div>\n\t\t\t\t<\/div>\n\t\t\t\t<\/div>\n\t\t<div class=\"has_eae_slider elementor-element elementor-element-2bbaa6b e-con-full e-flex e-con e-child\" data-eae-slider=\"36444\" data-id=\"2bbaa6b\" data-element_type=\"container\" data-e-type=\"container\" data-settings=\"{&quot;background_background&quot;:&quot;classic&quot;}\">\n\t\t\t\t<div class=\"elementor-element elementor-element-684d899 elementor-widget elementor-widget-heading\" data-id=\"684d899\" data-element_type=\"widget\" data-e-type=\"widget\" data-widget_type=\"heading.default\">\n\t\t\t\t<div class=\"elementor-widget-container\">\n\t\t\t\t\t<h1 class=\"elementor-heading-title elementor-size-default\">Craft and trade associations <\/h1>\t\t\t\t<\/div>\n\t\t\t\t<\/div>\n\t\t<div class=\"has_eae_slider elementor-element elementor-element-0a03ced e-grid e-con-full e-con e-child\" data-eae-slider=\"45149\" data-id=\"0a03ced\" data-element_type=\"container\" data-e-type=\"container\">\n\t\t\t\t<div class=\"elementor-element elementor-element-ef46ad7 elementor-widget elementor-widget-text-editor\" data-id=\"ef46ad7\" data-element_type=\"widget\" data-e-type=\"widget\" data-widget_type=\"text-editor.default\">\n\t\t\t\t<div class=\"elementor-widget-container\">\n\t\t\t\t\t\t\t\t\t<h4 style=\"text-align: center;\"><strong>ST ANTONIN<\/strong>\u00a0<\/h4><p style=\"text-align: center;\">Association de commer\u00e7ants C\u00d4T\u00c9 NOBLE VAL\u00a0<\/p>\t\t\t\t\t\t\t\t<\/div>\n\t\t\t\t<\/div>\n\t\t\t\t<div class=\"elementor-element elementor-element-621f150 elementor-align-start elementor-list-item-link-full_width elementor-widget elementor-widget-icon-list\" data-id=\"621f150\" data-element_type=\"widget\" data-e-type=\"widget\" data-widget_type=\"icon-list.default\">\n\t\t\t\t<div class=\"elementor-widget-container\">\n\t\t\t\t\t\t\t<ul class=\"elementor-icon-list-items\">\n\t\t\t\t\t\t\t<li class=\"elementor-icon-list-item\">\n\t\t\t\t\t\t\t\t\t\t\t<span class=\"elementor-icon-list-icon\">\n\t\t\t\t\t\t\t<i aria-hidden=\"true\" class=\"fas fa-user\"><\/i>\t\t\t\t\t\t<\/span>\n\t\t\t\t\t\t\t\t\t\t<span class=\"elementor-icon-list-text\">Pr\u00e9sident : Didier WEBER\u00a0<\/span>\n\t\t\t\t\t\t\t\t\t<\/li>\n\t\t\t\t\t\t\t\t<li class=\"elementor-icon-list-item\">\n\t\t\t\t\t\t\t\t\t\t\t<span class=\"elementor-icon-list-icon\">\n\t\t\t\t\t\t\t<i aria-hidden=\"true\" class=\"fas fa-phone-alt\"><\/i>\t\t\t\t\t\t<\/span>\n\t\t\t\t\t\t\t\t\t\t<span class=\"elementor-icon-list-text\">06 83 15 33 59<\/span>\n\t\t\t\t\t\t\t\t\t<\/li>\n\t\t\t\t\t\t\t\t<li class=\"elementor-icon-list-item\">\n\t\t\t\t\t\t\t\t\t\t\t<a href=\"mailto:cotenobleval@gmail.fr\u00a0\u00a0\">\n\n\t\t\t\t\t\t\t\t\t\t\t\t<span class=\"elementor-icon-list-icon\">\n\t\t\t\t\t\t\t<i aria-hidden=\"true\" class=\"fas fa-envelope\"><\/i>\t\t\t\t\t\t<\/span>\n\t\t\t\t\t\t\t\t\t\t<span class=\"elementor-icon-list-text\">cotenobleval@gmail.fr<\/span>\n\t\t\t\t\t\t\t\t\t\t\t<\/a>\n\t\t\t\t\t\t\t\t\t<\/li>\n\t\t\t\t\t\t\t\t<li class=\"elementor-icon-list-item\">\n\t\t\t\t\t\t\t\t\t\t\t<a href=\"https:\/\/www.facebook.com\/p\/C%C3%94T%C3%89-NOBLE-VAL-Saint-Antonin-82-61550962583774\/\" target=\"_blank\">\n\n\t\t\t\t\t\t\t\t\t\t\t\t<span class=\"elementor-icon-list-icon\">\n\t\t\t\t\t\t\t<i aria-hidden=\"true\" class=\"fab fa-facebook\"><\/i>\t\t\t\t\t\t<\/span>\n\t\t\t\t\t\t\t\t\t\t<span class=\"elementor-icon-list-text\">Facebook C\u00f4t\u00e9 Noble Val<\/span>\n\t\t\t\t\t\t\t\t\t\t\t<\/a>\n\t\t\t\t\t\t\t\t\t<\/li>\n\t\t\t\t\t\t<\/ul>\n\t\t\t\t\t\t<\/div>\n\t\t\t\t<\/div>\n\t\t\t\t<div class=\"elementor-element elementor-element-a2c9394 elementor-widget elementor-widget-text-editor\" data-id=\"a2c9394\" data-element_type=\"widget\" data-e-type=\"widget\" data-widget_type=\"text-editor.default\">\n\t\t\t\t<div class=\"elementor-widget-container\">\n\t\t\t\t\t\t\t\t\t<h4 style=\"text-align: center;\"><strong>PARISOT\u00a0<\/strong>\u00a0<\/h4><p>Association of Tradesmen and Artisans\u00a0\u00a0<\/p>\t\t\t\t\t\t\t\t<\/div>\n\t\t\t\t<\/div>\n\t\t\t\t<div class=\"elementor-element elementor-element-f913520 elementor-align-start elementor-list-item-link-full_width elementor-widget elementor-widget-icon-list\" data-id=\"f913520\" data-element_type=\"widget\" data-e-type=\"widget\" data-widget_type=\"icon-list.default\">\n\t\t\t\t<div class=\"elementor-widget-container\">\n\t\t\t\t\t\t\t<ul class=\"elementor-icon-list-items\">\n\t\t\t\t\t\t\t<li class=\"elementor-icon-list-item\">\n\t\t\t\t\t\t\t\t\t\t\t<span class=\"elementor-icon-list-icon\">\n\t\t\t\t\t\t\t<i aria-hidden=\"true\" class=\"fas fa-user\"><\/i>\t\t\t\t\t\t<\/span>\n\t\t\t\t\t\t\t\t\t\t<span class=\"elementor-icon-list-text\">Chairman: Etienne APPOURCHAUX<\/span>\n\t\t\t\t\t\t\t\t\t<\/li>\n\t\t\t\t\t\t\t\t<li class=\"elementor-icon-list-item\">\n\t\t\t\t\t\t\t\t\t\t\t<span class=\"elementor-icon-list-icon\">\n\t\t\t\t\t\t\t<i aria-hidden=\"true\" class=\"fas fa-phone-alt\"><\/i>\t\t\t\t\t\t<\/span>\n\t\t\t\t\t\t\t\t\t\t<span class=\"elementor-icon-list-text\">06 07 26 14 22<\/span>\n\t\t\t\t\t\t\t\t\t<\/li>\n\t\t\t\t\t\t\t\t<li class=\"elementor-icon-list-item\">\n\t\t\t\t\t\t\t\t\t\t\t<a href=\"mailto:ascoparisot@gmail.com%20\">\n\n\t\t\t\t\t\t\t\t\t\t\t\t<span class=\"elementor-icon-list-icon\">\n\t\t\t\t\t\t\t<i aria-hidden=\"true\" class=\"fas fa-envelope\"><\/i>\t\t\t\t\t\t<\/span>\n\t\t\t\t\t\t\t\t\t\t<span class=\"elementor-icon-list-text\">ascoparisot@gmail.com <\/span>\n\t\t\t\t\t\t\t\t\t\t\t<\/a>\n\t\t\t\t\t\t\t\t\t<\/li>\n\t\t\t\t\t\t\t\t<li class=\"elementor-icon-list-item\">\n\t\t\t\t\t\t\t\t\t\t\t<a href=\"https:\/\/www.facebook.com\/Ascop82160\/?locale=fr_FR\" target=\"_blank\">\n\n\t\t\t\t\t\t\t\t\t\t\t\t<span class=\"elementor-icon-list-icon\">\n\t\t\t\t\t\t\t<i aria-hidden=\"true\" class=\"fab fa-facebook\"><\/i>\t\t\t\t\t\t<\/span>\n\t\t\t\t\t\t\t\t\t\t<span class=\"elementor-icon-list-text\">Facebook <\/span>\n\t\t\t\t\t\t\t\t\t\t\t<\/a>\n\t\t\t\t\t\t\t\t\t<\/li>\n\t\t\t\t\t\t<\/ul>\n\t\t\t\t\t\t<\/div>\n\t\t\t\t<\/div>\n\t\t\t\t<div class=\"elementor-element elementor-element-ba4f13f elementor-widget elementor-widget-text-editor\" data-id=\"ba4f13f\" data-element_type=\"widget\" data-e-type=\"widget\" data-widget_type=\"text-editor.default\">\n\t\t\t\t<div class=\"elementor-widget-container\">\n\t\t\t\t\t\t\t\t\t<h4 style=\"text-align: center;\"><strong>CAYLUS<\/strong>\u00a0<\/h4><p>Association CAYLUS EN COR<\/p>\t\t\t\t\t\t\t\t<\/div>\n\t\t\t\t<\/div>\n\t\t\t\t<div class=\"elementor-element elementor-element-7355745 elementor-align-start elementor-list-item-link-full_width elementor-widget elementor-widget-icon-list\" data-id=\"7355745\" data-element_type=\"widget\" data-e-type=\"widget\" data-widget_type=\"icon-list.default\">\n\t\t\t\t<div class=\"elementor-widget-container\">\n\t\t\t\t\t\t\t<ul class=\"elementor-icon-list-items\">\n\t\t\t\t\t\t\t<li class=\"elementor-icon-list-item\">\n\t\t\t\t\t\t\t\t\t\t\t<span class=\"elementor-icon-list-icon\">\n\t\t\t\t\t\t\t<i aria-hidden=\"true\" class=\"fas fa-user\"><\/i>\t\t\t\t\t\t<\/span>\n\t\t\t\t\t\t\t\t\t\t<span class=\"elementor-icon-list-text\">Pr\u00e9sident : <\/span>\n\t\t\t\t\t\t\t\t\t<\/li>\n\t\t\t\t\t\t\t\t<li class=\"elementor-icon-list-item\">\n\t\t\t\t\t\t\t\t\t\t\t<span class=\"elementor-icon-list-icon\">\n\t\t\t\t\t\t\t<i aria-hidden=\"true\" class=\"fas fa-phone-alt\"><\/i>\t\t\t\t\t\t<\/span>\n\t\t\t\t\t\t\t\t\t\t<span class=\"elementor-icon-list-text\">07 68 86 14 93<\/span>\n\t\t\t\t\t\t\t\t\t<\/li>\n\t\t\t\t\t\t\t\t<li class=\"elementor-icon-list-item\">\n\t\t\t\t\t\t\t\t\t\t\t<a href=\"mailto:caylusencor@gmail.com\">\n\n\t\t\t\t\t\t\t\t\t\t\t\t<span class=\"elementor-icon-list-icon\">\n\t\t\t\t\t\t\t<i aria-hidden=\"true\" class=\"fas fa-envelope\"><\/i>\t\t\t\t\t\t<\/span>\n\t\t\t\t\t\t\t\t\t\t<span class=\"elementor-icon-list-text\">caylusencor@gmail.com<\/span>\n\t\t\t\t\t\t\t\t\t\t\t<\/a>\n\t\t\t\t\t\t\t\t\t<\/li>\n\t\t\t\t\t\t\t\t<li class=\"elementor-icon-list-item\">\n\t\t\t\t\t\t\t\t\t\t\t<a href=\"https:\/\/www.facebook.com\/p\/Caylus-En-Cor-100088572414322\/\" target=\"_blank\">\n\n\t\t\t\t\t\t\t\t\t\t\t\t<span class=\"elementor-icon-list-icon\">\n\t\t\t\t\t\t\t<i aria-hidden=\"true\" class=\"fab fa-facebook\"><\/i>\t\t\t\t\t\t<\/span>\n\t\t\t\t\t\t\t\t\t\t<span class=\"elementor-icon-list-text\">Facebook <\/span>\n\t\t\t\t\t\t\t\t\t\t\t<\/a>\n\t\t\t\t\t\t\t\t\t<\/li>\n\t\t\t\t\t\t\t\t<li class=\"elementor-icon-list-item\">\n\t\t\t\t\t\t\t\t\t\t\t<span class=\"elementor-icon-list-icon\">\n\t\t\t\t\t\t\t<i aria-hidden=\"true\" class=\"fas fa-globe\"><\/i>\t\t\t\t\t\t<\/span>\n\t\t\t\t\t\t\t\t\t\t<span class=\"elementor-icon-list-text\">Website<\/span>\n\t\t\t\t\t\t\t\t\t<\/li>\n\t\t\t\t\t\t<\/ul>\n\t\t\t\t\t\t<\/div>\n\t\t\t\t<\/div>\n\t\t\t\t<div class=\"elementor-element elementor-element-863f83f elementor-widget elementor-widget-text-editor\" data-id=\"863f83f\" data-element_type=\"widget\" data-e-type=\"widget\" data-widget_type=\"text-editor.default\">\n\t\t\t\t<div class=\"elementor-widget-container\">\n\t\t\t\t\t\t\t\t\t<p>Association of craftsmen CAYLUS L'ATELIER\u00a0<\/p>\t\t\t\t\t\t\t\t<\/div>\n\t\t\t\t<\/div>\n\t\t\t\t<div class=\"elementor-element elementor-element-17a4a09 elementor-align-start elementor-list-item-link-full_width elementor-widget elementor-widget-icon-list\" data-id=\"17a4a09\" data-element_type=\"widget\" data-e-type=\"widget\" data-widget_type=\"icon-list.default\">\n\t\t\t\t<div class=\"elementor-widget-container\">\n\t\t\t\t\t\t\t<ul class=\"elementor-icon-list-items\">\n\t\t\t\t\t\t\t<li class=\"elementor-icon-list-item\">\n\t\t\t\t\t\t\t\t\t\t\t<span class=\"elementor-icon-list-icon\">\n\t\t\t\t\t\t\t<i aria-hidden=\"true\" class=\"fas fa-phone-alt\"><\/i>\t\t\t\t\t\t<\/span>\n\t\t\t\t\t\t\t\t\t\t<span class=\"elementor-icon-list-text\">06 12 60 68 62 <\/span>\n\t\t\t\t\t\t\t\t\t<\/li>\n\t\t\t\t\t\t\t\t<li class=\"elementor-icon-list-item\">\n\t\t\t\t\t\t\t\t\t\t\t<a href=\"mailto:latelier.caylus@gmail.com%20\">\n\n\t\t\t\t\t\t\t\t\t\t\t\t<span class=\"elementor-icon-list-icon\">\n\t\t\t\t\t\t\t<i aria-hidden=\"true\" class=\"fas fa-envelope\"><\/i>\t\t\t\t\t\t<\/span>\n\t\t\t\t\t\t\t\t\t\t<span class=\"elementor-icon-list-text\">latelier.caylus@gmail.com <\/span>\n\t\t\t\t\t\t\t\t\t\t\t<\/a>\n\t\t\t\t\t\t\t\t\t<\/li>\n\t\t\t\t\t\t\t\t<li class=\"elementor-icon-list-item\">\n\t\t\t\t\t\t\t\t\t\t\t<a href=\"https:\/\/www.facebook.com\/lateliercaylus\/\" target=\"_blank\">\n\n\t\t\t\t\t\t\t\t\t\t\t\t<span class=\"elementor-icon-list-icon\">\n\t\t\t\t\t\t\t<i aria-hidden=\"true\" class=\"fab fa-facebook\"><\/i>\t\t\t\t\t\t<\/span>\n\t\t\t\t\t\t\t\t\t\t<span class=\"elementor-icon-list-text\">Facebook <\/span>\n\t\t\t\t\t\t\t\t\t\t\t<\/a>\n\t\t\t\t\t\t\t\t\t<\/li>\n\t\t\t\t\t\t<\/ul>\n\t\t\t\t\t\t<\/div>\n\t\t\t\t<\/div>\n\t\t\t\t<div class=\"elementor-element elementor-element-14a5e5d elementor-widget elementor-widget-text-editor\" data-id=\"14a5e5d\" data-element_type=\"widget\" data-e-type=\"widget\" data-widget_type=\"text-editor.default\">\n\t\t\t\t<div class=\"elementor-widget-container\">\n\t\t\t\t\t\t\t\t\t<h4 style=\"text-align: center;\"><strong>ESPINAS<\/strong><\/h4><p style=\"text-align: center;\">Couleurs Terres arts and crafts association<\/p>\t\t\t\t\t\t\t\t<\/div>\n\t\t\t\t<\/div>\n\t\t\t\t<div class=\"elementor-element elementor-element-9a26a5f elementor-align-start elementor-list-item-link-full_width elementor-widget elementor-widget-icon-list\" data-id=\"9a26a5f\" data-element_type=\"widget\" data-e-type=\"widget\" data-widget_type=\"icon-list.default\">\n\t\t\t\t<div class=\"elementor-widget-container\">\n\t\t\t\t\t\t\t<ul class=\"elementor-icon-list-items\">\n\t\t\t\t\t\t\t<li class=\"elementor-icon-list-item\">\n\t\t\t\t\t\t\t\t\t\t\t<span class=\"elementor-icon-list-icon\">\n\t\t\t\t\t\t\t<i aria-hidden=\"true\" class=\"fas fa-user\"><\/i>\t\t\t\t\t\t<\/span>\n\t\t\t\t\t\t\t\t\t\t<span class=\"elementor-icon-list-text\">Pr\u00e9sident : Laurent ROUGEAUX<\/span>\n\t\t\t\t\t\t\t\t\t<\/li>\n\t\t\t\t\t\t\t\t<li class=\"elementor-icon-list-item\">\n\t\t\t\t\t\t\t\t\t\t\t<span class=\"elementor-icon-list-icon\">\n\t\t\t\t\t\t\t<i aria-hidden=\"true\" class=\"fas fa-phone-alt\"><\/i>\t\t\t\t\t\t<\/span>\n\t\t\t\t\t\t\t\t\t\t<span class=\"elementor-icon-list-text\">06 26 41 64 03<\/span>\n\t\t\t\t\t\t\t\t\t<\/li>\n\t\t\t\t\t\t\t\t<li class=\"elementor-icon-list-item\">\n\t\t\t\t\t\t\t\t\t\t\t<a href=\"mailto:asso.couleursterres@gmail.com%20\">\n\n\t\t\t\t\t\t\t\t\t\t\t\t<span class=\"elementor-icon-list-icon\">\n\t\t\t\t\t\t\t<i aria-hidden=\"true\" class=\"fas fa-envelope\"><\/i>\t\t\t\t\t\t<\/span>\n\t\t\t\t\t\t\t\t\t\t<span class=\"elementor-icon-list-text\">asso.couleursterres@gmail.com <\/span>\n\t\t\t\t\t\t\t\t\t\t\t<\/a>\n\t\t\t\t\t\t\t\t\t<\/li>\n\t\t\t\t\t\t\t\t<li class=\"elementor-icon-list-item\">\n\t\t\t\t\t\t\t\t\t\t\t<a href=\"https:\/\/www.facebook.com\/couleurs.terres.espinas\/\" target=\"_blank\">\n\n\t\t\t\t\t\t\t\t\t\t\t\t<span class=\"elementor-icon-list-icon\">\n\t\t\t\t\t\t\t<i aria-hidden=\"true\" class=\"fab fa-facebook\"><\/i>\t\t\t\t\t\t<\/span>\n\t\t\t\t\t\t\t\t\t\t<span class=\"elementor-icon-list-text\">Facebook <\/span>\n\t\t\t\t\t\t\t\t\t\t\t<\/a>\n\t\t\t\t\t\t\t\t\t<\/li>\n\t\t\t\t\t\t\t\t<li class=\"elementor-icon-list-item\">\n\t\t\t\t\t\t\t\t\t\t\t<a href=\"https:\/\/couleursterres.weebly.com\/\" target=\"_blank\">\n\n\t\t\t\t\t\t\t\t\t\t\t\t<span class=\"elementor-icon-list-icon\">\n\t\t\t\t\t\t\t<i aria-hidden=\"true\" class=\"fas fa-globe\"><\/i>\t\t\t\t\t\t<\/span>\n\t\t\t\t\t\t\t\t\t\t<span class=\"elementor-icon-list-text\">Website<\/span>\n\t\t\t\t\t\t\t\t\t\t\t<\/a>\n\t\t\t\t\t\t\t\t\t<\/li>\n\t\t\t\t\t\t<\/ul>\n\t\t\t\t\t\t<\/div>\n\t\t\t\t<\/div>\n\t\t\t\t<\/div>\n\t\t\t\t<\/div>\n\t\t\t\t\t<\/div>\n\t\t\t\t<\/div>\n\t\t<div class=\"has_eae_slider elementor-element elementor-element-b7d070f e-flex e-con-boxed e-con e-parent\" data-eae-slider=\"96271\" data-id=\"b7d070f\" data-element_type=\"container\" data-e-type=\"container\">\n\t\t\t\t\t<div class=\"e-con-inner\">\n\t\t\t\t<div class=\"elementor-element elementor-element-63b1ce2 elementor-widget elementor-widget-image\" data-id=\"63b1ce2\" data-element_type=\"widget\" data-e-type=\"widget\" data-widget_type=\"image.default\">\n\t\t\t\t<div class=\"elementor-widget-container\">\n\t\t\t\t\t\t\t\t\t\t\t\t\t\t\t<img fetchpriority=\"high\" decoding=\"async\" width=\"800\" height=\"566\" src=\"https:\/\/cc-qrga.fr\/wp-content\/uploads\/2025\/08\/rencontre-1-recap-1024x724.jpg\" class=\"attachment-large size-large wp-image-29080\" alt=\"\" srcset=\"https:\/\/cc-qrga.fr\/wp-content\/uploads\/2025\/08\/rencontre-1-recap-1024x724.jpg 1024w, https:\/\/cc-qrga.fr\/wp-content\/uploads\/2025\/08\/rencontre-1-recap-300x212.jpg 300w, https:\/\/cc-qrga.fr\/wp-content\/uploads\/2025\/08\/rencontre-1-recap-768x543.jpg 768w, https:\/\/cc-qrga.fr\/wp-content\/uploads\/2025\/08\/rencontre-1-recap-18x12.jpg 18w, https:\/\/cc-qrga.fr\/wp-content\/uploads\/2025\/08\/rencontre-1-recap-280x198.jpg 280w, https:\/\/cc-qrga.fr\/wp-content\/uploads\/2025\/08\/rencontre-1-recap.jpg 1500w\" sizes=\"(max-width: 800px) 100vw, 800px\" \/>\t\t\t\t\t\t\t\t\t\t\t\t\t\t\t<\/div>\n\t\t\t\t<\/div>\n\t\t\t\t\t<\/div>\n\t\t\t\t<\/div>\n\t\t\t\t<\/div>","protected":false},"excerpt":{"rendered":"<p>r\u00e9seaux professionnels Club d\u2019entreprise intercommunal Le Club ADRET (Association pour le D\u00e9veloppement et la R\u00e9ussite Economique du Territoire) est une association cr\u00e9\u00e9e par des chef.fes d\u2019entreprises du QRGA pour partager des sujets d\u2019int\u00e9r\u00eats communs.\u00a0 Chefs d\u2019entreprise, porteurs de projets : envie de dynamiser votre activit\u00e9 et de rejoindre une communaut\u00e9 engag\u00e9e ? \ud83c\udf1f D\u00e9couvrez tous [&hellip;]<\/p>","protected":false},"author":22,"featured_media":0,"parent":0,"menu_order":0,"comment_status":"closed","ping_status":"closed","template":"","meta":{"footnotes":""},"class_list":["post-24919","page","type-page","status-publish","hentry"],"yoast_head":"<!-- This site is optimized with the Yoast SEO plugin v27.4 - https:\/\/yoast.com\/product\/yoast-seo-wordpress\/ -->\n<title>R\u00e9seaux professionnels - Communaut\u00e9 de communes du Quercy Rouergue et des Gorges de l&#039;Aveyron<\/title>\n<meta name=\"robots\" content=\"index, follow, max-snippet:-1, max-image-preview:large, max-video-preview:-1\" \/>\n<link rel=\"canonical\" href=\"https:\/\/cc-qrga.fr\/en\/reseautage\/\" \/>\n<meta property=\"og:locale\" content=\"en_GB\" \/>\n<meta property=\"og:type\" content=\"article\" \/>\n<meta property=\"og:title\" content=\"R\u00e9seaux professionnels - Communaut\u00e9 de communes du Quercy Rouergue et des Gorges de l&#039;Aveyron\" \/>\n<meta property=\"og:description\" content=\"r\u00e9seaux professionnels Club d\u2019entreprise intercommunal Le Club ADRET (Association pour le D\u00e9veloppement et la R\u00e9ussite Economique du Territoire) est une association cr\u00e9\u00e9e par des chef.fes d\u2019entreprises du QRGA pour partager des sujets d\u2019int\u00e9r\u00eats communs.\u00a0 Chefs d\u2019entreprise, porteurs de projets : envie de dynamiser votre activit\u00e9 et de rejoindre une communaut\u00e9 engag\u00e9e ? \ud83c\udf1f D\u00e9couvrez tous [&hellip;]\" \/>\n<meta property=\"og:url\" content=\"https:\/\/cc-qrga.fr\/en\/reseautage\/\" \/>\n<meta property=\"og:site_name\" content=\"Communaut\u00e9 de communes du Quercy Rouergue et des Gorges de l&#039;Aveyron\" \/>\n<meta property=\"article:modified_time\" content=\"2025-08-29T13:08:54+00:00\" \/>\n<meta property=\"og:image\" content=\"https:\/\/cc-qrga.fr\/wp-content\/uploads\/2024\/07\/Club-ADRET.png\" \/>\n\t<meta property=\"og:image:width\" content=\"404\" \/>\n\t<meta property=\"og:image:height\" content=\"125\" \/>\n\t<meta property=\"og:image:type\" content=\"image\/png\" \/>\n<meta name=\"twitter:card\" content=\"summary_large_image\" \/>\n<meta name=\"twitter:label1\" content=\"Estimated reading time\" \/>\n\t<meta name=\"twitter:data1\" content=\"4 minutes\" \/>\n<script type=\"application\/ld+json\" class=\"yoast-schema-graph\">{\"@context\":\"https:\\\/\\\/schema.org\",\"@graph\":[{\"@type\":\"WebPage\",\"@id\":\"https:\\\/\\\/cc-qrga.fr\\\/reseautage\\\/\",\"url\":\"https:\\\/\\\/cc-qrga.fr\\\/reseautage\\\/\",\"name\":\"R\u00e9seaux professionnels - Communaut\u00e9 de communes du Quercy Rouergue et des Gorges de l&#039;Aveyron\",\"isPartOf\":{\"@id\":\"https:\\\/\\\/cc-qrga.fr\\\/#website\"},\"primaryImageOfPage\":{\"@id\":\"https:\\\/\\\/cc-qrga.fr\\\/reseautage\\\/#primaryimage\"},\"image\":{\"@id\":\"https:\\\/\\\/cc-qrga.fr\\\/reseautage\\\/#primaryimage\"},\"thumbnailUrl\":\"https:\\\/\\\/cc-qrga.fr\\\/wp-content\\\/uploads\\\/2024\\\/07\\\/Club-ADRET-300x93.png\",\"datePublished\":\"2024-07-08T15:36:51+00:00\",\"dateModified\":\"2025-08-29T13:08:54+00:00\",\"breadcrumb\":{\"@id\":\"https:\\\/\\\/cc-qrga.fr\\\/reseautage\\\/#breadcrumb\"},\"inLanguage\":\"en-GB\",\"potentialAction\":[{\"@type\":\"ReadAction\",\"target\":[\"https:\\\/\\\/cc-qrga.fr\\\/reseautage\\\/\"]}]},{\"@type\":\"ImageObject\",\"inLanguage\":\"en-GB\",\"@id\":\"https:\\\/\\\/cc-qrga.fr\\\/reseautage\\\/#primaryimage\",\"url\":\"https:\\\/\\\/cc-qrga.fr\\\/wp-content\\\/uploads\\\/2024\\\/07\\\/Club-ADRET-300x93.png\",\"contentUrl\":\"https:\\\/\\\/cc-qrga.fr\\\/wp-content\\\/uploads\\\/2024\\\/07\\\/Club-ADRET-300x93.png\"},{\"@type\":\"BreadcrumbList\",\"@id\":\"https:\\\/\\\/cc-qrga.fr\\\/reseautage\\\/#breadcrumb\",\"itemListElement\":[{\"@type\":\"ListItem\",\"position\":1,\"name\":\"Accueil\",\"item\":\"https:\\\/\\\/cc-qrga.fr\\\/\"},{\"@type\":\"ListItem\",\"position\":2,\"name\":\"R\u00e9seaux professionnels\"}]},{\"@type\":\"WebSite\",\"@id\":\"https:\\\/\\\/cc-qrga.fr\\\/#website\",\"url\":\"https:\\\/\\\/cc-qrga.fr\\\/\",\"name\":\"Communaut\u00e9 de communes du Quercy Rouergue et des Gorges de l&#039;Aveyron\",\"description\":\"qrga\",\"potentialAction\":[{\"@type\":\"SearchAction\",\"target\":{\"@type\":\"EntryPoint\",\"urlTemplate\":\"https:\\\/\\\/cc-qrga.fr\\\/?s={search_term_string}\"},\"query-input\":{\"@type\":\"PropertyValueSpecification\",\"valueRequired\":true,\"valueName\":\"search_term_string\"}}],\"inLanguage\":\"en-GB\"}]}<\/script>\n<!-- \/ Yoast SEO plugin. -->","yoast_head_json":{"title":"R\u00e9seaux professionnels - Communaut\u00e9 de communes du Quercy Rouergue et des Gorges de l&#039;Aveyron","robots":{"index":"index","follow":"follow","max-snippet":"max-snippet:-1","max-image-preview":"max-image-preview:large","max-video-preview":"max-video-preview:-1"},"canonical":"https:\/\/cc-qrga.fr\/en\/reseautage\/","og_locale":"en_GB","og_type":"article","og_title":"R\u00e9seaux professionnels - Communaut\u00e9 de communes du Quercy Rouergue et des Gorges de l&#039;Aveyron","og_description":"r\u00e9seaux professionnels Club d\u2019entreprise intercommunal Le Club ADRET (Association pour le D\u00e9veloppement et la R\u00e9ussite Economique du Territoire) est une association cr\u00e9\u00e9e par des chef.fes d\u2019entreprises du QRGA pour partager des sujets d\u2019int\u00e9r\u00eats communs.\u00a0 Chefs d\u2019entreprise, porteurs de projets : envie de dynamiser votre activit\u00e9 et de rejoindre une communaut\u00e9 engag\u00e9e ? \ud83c\udf1f D\u00e9couvrez tous [&hellip;]","og_url":"https:\/\/cc-qrga.fr\/en\/reseautage\/","og_site_name":"Communaut\u00e9 de communes du Quercy Rouergue et des Gorges de l&#039;Aveyron","article_modified_time":"2025-08-29T13:08:54+00:00","og_image":[{"width":404,"height":125,"url":"https:\/\/cc-qrga.fr\/wp-content\/uploads\/2024\/07\/Club-ADRET.png","type":"image\/png"}],"twitter_card":"summary_large_image","twitter_misc":{"Estimated reading time":"4 minutes"},"schema":{"@context":"https:\/\/schema.org","@graph":[{"@type":"WebPage","@id":"https:\/\/cc-qrga.fr\/reseautage\/","url":"https:\/\/cc-qrga.fr\/reseautage\/","name":"R\u00e9seaux professionnels - Communaut\u00e9 de communes du Quercy Rouergue et des Gorges de l&#039;Aveyron","isPartOf":{"@id":"https:\/\/cc-qrga.fr\/#website"},"primaryImageOfPage":{"@id":"https:\/\/cc-qrga.fr\/reseautage\/#primaryimage"},"image":{"@id":"https:\/\/cc-qrga.fr\/reseautage\/#primaryimage"},"thumbnailUrl":"https:\/\/cc-qrga.fr\/wp-content\/uploads\/2024\/07\/Club-ADRET-300x93.png","datePublished":"2024-07-08T15:36:51+00:00","dateModified":"2025-08-29T13:08:54+00:00","breadcrumb":{"@id":"https:\/\/cc-qrga.fr\/reseautage\/#breadcrumb"},"inLanguage":"en-GB","potentialAction":[{"@type":"ReadAction","target":["https:\/\/cc-qrga.fr\/reseautage\/"]}]},{"@type":"ImageObject","inLanguage":"en-GB","@id":"https:\/\/cc-qrga.fr\/reseautage\/#primaryimage","url":"https:\/\/cc-qrga.fr\/wp-content\/uploads\/2024\/07\/Club-ADRET-300x93.png","contentUrl":"https:\/\/cc-qrga.fr\/wp-content\/uploads\/2024\/07\/Club-ADRET-300x93.png"},{"@type":"BreadcrumbList","@id":"https:\/\/cc-qrga.fr\/reseautage\/#breadcrumb","itemListElement":[{"@type":"ListItem","position":1,"name":"Accueil","item":"https:\/\/cc-qrga.fr\/"},{"@type":"ListItem","position":2,"name":"R\u00e9seaux professionnels"}]},{"@type":"WebSite","@id":"https:\/\/cc-qrga.fr\/#website","url":"https:\/\/cc-qrga.fr\/","name":"Community of Municipalities of Quercy Rouergue and the Aveyron Gorges","description":"qrga","potentialAction":[{"@type":"SearchAction","target":{"@type":"EntryPoint","urlTemplate":"https:\/\/cc-qrga.fr\/?s={search_term_string}"},"query-input":{"@type":"PropertyValueSpecification","valueRequired":true,"valueName":"search_term_string"}}],"inLanguage":"en-GB"}]}},"_links":{"self":[{"href":"https:\/\/cc-qrga.fr\/en\/wp-json\/wp\/v2\/pages\/24919","targetHints":{"allow":["GET"]}}],"collection":[{"href":"https:\/\/cc-qrga.fr\/en\/wp-json\/wp\/v2\/pages"}],"about":[{"href":"https:\/\/cc-qrga.fr\/en\/wp-json\/wp\/v2\/types\/page"}],"author":[{"embeddable":true,"href":"https:\/\/cc-qrga.fr\/en\/wp-json\/wp\/v2\/users\/22"}],"replies":[{"embeddable":true,"href":"https:\/\/cc-qrga.fr\/en\/wp-json\/wp\/v2\/comments?post=24919"}],"version-history":[{"count":0,"href":"https:\/\/cc-qrga.fr\/en\/wp-json\/wp\/v2\/pages\/24919\/revisions"}],"wp:attachment":[{"href":"https:\/\/cc-qrga.fr\/en\/wp-json\/wp\/v2\/media?parent=24919"}],"curies":[{"name":"wp","href":"https:\/\/api.w.org\/{rel}","templated":true}]}}