{"id":141,"date":"2022-07-07T09:47:25","date_gmt":"2022-07-07T07:47:25","guid":{"rendered":"https:\/\/cc-qrga.fr\/?page_id=141"},"modified":"2023-11-07T08:36:29","modified_gmt":"2023-11-07T07:36:29","slug":"collecte-de-dechets","status":"publish","type":"page","link":"https:\/\/cc-qrga.fr\/es\/collecte-de-dechets\/","title":{"rendered":"Collecte de d\u00e9chets"},"content":{"rendered":"<div data-elementor-type=\"wp-page\" data-elementor-id=\"141\" class=\"elementor elementor-141\" data-elementor-post-type=\"page\">\n\t\t\t\t\t\t<section class=\"has_eae_slider elementor-section elementor-top-section elementor-element elementor-element-1816c20 elementor-section-boxed elementor-section-height-default elementor-section-height-default\" data-eae-slider=\"88061\" data-id=\"1816c20\" data-element_type=\"section\" data-e-type=\"section\">\n\t\t\t\t\t\t<div class=\"elementor-container elementor-column-gap-default\">\n\t\t\t\t\t<div class=\"has_eae_slider elementor-column elementor-col-50 elementor-top-column elementor-element elementor-element-3071857\" data-eae-slider=\"36553\" data-id=\"3071857\" data-element_type=\"column\" data-e-type=\"column\">\n\t\t\t<div class=\"elementor-widget-wrap elementor-element-populated\">\n\t\t\t\t\t\t<div class=\"elementor-element elementor-element-8701ecf elementor-widget elementor-widget-heading\" data-id=\"8701ecf\" data-element_type=\"widget\" data-e-type=\"widget\" data-widget_type=\"heading.default\">\n\t\t\t\t<div class=\"elementor-widget-container\">\n\t\t\t\t\t<h1 class=\"elementor-heading-title elementor-size-default\">recogida de basuras<\/h1>\t\t\t\t<\/div>\n\t\t\t\t<\/div>\n\t\t\t\t<div class=\"elementor-element elementor-element-9f745b9 elementor-widget elementor-widget-heading\" data-id=\"9f745b9\" data-element_type=\"widget\" data-e-type=\"widget\" data-widget_type=\"heading.default\">\n\t\t\t\t<div class=\"elementor-widget-container\">\n\t\t\t\t\t<h2 class=\"elementor-heading-title elementor-size-default\">Historia<\/h2>\t\t\t\t<\/div>\n\t\t\t\t<\/div>\n\t\t\t\t<div class=\"elementor-element elementor-element-72f3cc6 elementor-widget elementor-widget-text-editor\" data-id=\"72f3cc6\" data-element_type=\"widget\" data-e-type=\"widget\" data-widget_type=\"text-editor.default\">\n\t\t\t\t<div class=\"elementor-widget-container\">\n\t\t\t\t\t\t\t\t\t<p><strong><span class=\"TextRun MacChromeBold SCXP212490788 BCX0\" lang=\"FR-FR\" xml:lang=\"FR-FR\" data-usefontface=\"false\" data-contrast=\"none\"><span class=\"NormalTextRun SCXP212490788 BCX0\">1988<\/span><\/span><span class=\"TextRun MacChromeBold SCXP212490788 BCX0\" lang=\"FR-FR\" xml:lang=\"FR-FR\" data-usefontface=\"false\" data-contrast=\"none\"><span class=\"NormalTextRun SCXP212490788 BCX0\">\u00a0<\/span><\/span><\/strong><span class=\"TextRun SCXP212490788 BCX0\" lang=\"FR-FR\" xml:lang=\"FR-FR\" data-usefontface=\"false\" data-contrast=\"none\"><span class=\"NormalTextRun SCXP212490788 BCX0\">Creaci\u00f3n del Syndicat Intercommunal de Collecte et de Traitement des Ordures M\u00e9nag\u00e8res (SICTOM) (Sindicato Intermunicipal de Recogida y Tratamiento de Residuos Dom\u00e9sticos)\u00a0<\/span><\/span><span class=\"LineBreakBlob BlobObject SCXP212490788 BCX0\"><span class=\"SCXP212490788 BCX0\">\u200b<\/span><br class=\"SCXP212490788 BCX0\" \/><\/span><span class=\"TextRun SCXP212490788 BCX0\" lang=\"FR-FR\" xml:lang=\"FR-FR\" data-usefontface=\"false\" data-contrast=\"none\"><span class=\"NormalTextRun SCXP212490788 BCX0\">5 agentes, compra de los primeros camiones, puesta en marcha del horno de incineraci\u00f3n<\/span><\/span><span class=\"TextRun SCXP212490788 BCX0\" lang=\"FR-FR\" xml:lang=\"FR-FR\" data-usefontface=\"false\" data-contrast=\"none\"><span class=\"NormalTextRun SCXP212490788 BCX0\">.<\/span><\/span><span class=\"LineBreakBlob BlobObject SCXP212490788 BCX0\"><span class=\"SCXP212490788 BCX0\">\u200b<\/span><br class=\"SCXP212490788 BCX0\" \/><\/span><strong><span class=\"TextRun MacChromeBold SCXP212490788 BCX0\" lang=\"FR-FR\" xml:lang=\"FR-FR\" data-usefontface=\"false\" data-contrast=\"none\"><span class=\"NormalTextRun SCXP212490788 BCX0\">1997<\/span><\/span><\/strong><span class=\"TextRun SCXP212490788 BCX0\" lang=\"FR-FR\" xml:lang=\"FR-FR\" data-usefontface=\"false\" data-contrast=\"none\"><span class=\"NormalTextRun SCXP212490788 BCX0\">\u00a0Constituci\u00f3n de la Communaut\u00e9 de Communes (14 municipios).<\/span><\/span><span class=\"LineBreakBlob BlobObject SCXP212490788 BCX0\"><span class=\"SCXP212490788 BCX0\">\u200b<\/span><br class=\"SCXP212490788 BCX0\" \/><\/span><strong><span class=\"TextRun MacChromeBold SCXP212490788 BCX0\" lang=\"FR-FR\" xml:lang=\"FR-FR\" data-usefontface=\"false\" data-contrast=\"none\"><span class=\"NormalTextRun SCXP212490788 BCX0\">Enero 2002\u00a0<\/span><\/span><\/strong><span class=\"TextRun SCXP212490788 BCX0\" lang=\"FR-FR\" xml:lang=\"FR-FR\" data-usefontface=\"false\" data-contrast=\"none\"><span class=\"NormalTextRun SCXP212490788 BCX0\">Creaci\u00f3n del Syndicat D\u00e9partemental des D\u00e9chets (transferencia de las competencias de transporte y tratamiento).<\/span><\/span><span class=\"LineBreakBlob BlobObject SCXP212490788 BCX0\"><span class=\"SCXP212490788 BCX0\">\u200b<\/span><br class=\"SCXP212490788 BCX0\" \/><\/span><strong><span class=\"TextRun MacChromeBold SCXP212490788 BCX0\" lang=\"FR-FR\" xml:lang=\"FR-FR\" data-usefontface=\"false\" data-contrast=\"none\"><span class=\"SpellingError SCXP212490788 BCX0\">Febrero<\/span><\/span><span class=\"TextRun MacChromeBold SCXP212490788 BCX0\" lang=\"FR-FR\" xml:lang=\"FR-FR\" data-usefontface=\"false\" data-contrast=\"none\"><span class=\"NormalTextRun SCXP212490788 BCX0\">\u00a02003\u00a0<\/span><\/span><\/strong><span class=\"TextRun SCXP212490788 BCX0\" lang=\"FR-FR\" xml:lang=\"FR-FR\" data-usefontface=\"false\" data-contrast=\"none\"><span class=\"NormalTextRun SCXP212490788 BCX0\">Lanzamiento de la recogida selectiva de envases y peri\u00f3dicos y revistas.<\/span><\/span><span class=\"LineBreakBlob BlobObject SCXP212490788 BCX0\"><span class=\"SCXP212490788 BCX0\">\u200b<\/span><br class=\"SCXP212490788 BCX0\" \/><\/span><strong><span class=\"TextRun MacChromeBold SCXP212490788 BCX0\" lang=\"FR-FR\" xml:lang=\"FR-FR\" data-usefontface=\"false\" data-contrast=\"none\"><span class=\"NormalTextRun SCXP212490788 BCX0\">Marzo de 2006<\/span><\/span><\/strong><span class=\"TextRun SCXP212490788 BCX0\" lang=\"FR-FR\" xml:lang=\"FR-FR\" data-usefontface=\"false\" data-contrast=\"none\"><span class=\"NormalTextRun SCXP212490788 BCX0\">\u00a0Puesta en marcha de la estaci\u00f3n de transferencia.<\/span><\/span><span class=\"LineBreakBlob BlobObject SCXP212490788 BCX0\"><span class=\"SCXP212490788 BCX0\">\u200b<\/span><br class=\"SCXP212490788 BCX0\" \/><\/span><strong><span class=\"TextRun MacChromeBold SCXP212490788 BCX0\" lang=\"FR-FR\" xml:lang=\"FR-FR\" data-usefontface=\"false\" data-contrast=\"none\"><span class=\"NormalTextRun SCXP212490788 BCX0\">Junio de 2006\u00a0<\/span><\/span><\/strong><span class=\"TextRun SCXP212490788 BCX0\" lang=\"FR-FR\" xml:lang=\"FR-FR\" data-usefontface=\"false\" data-contrast=\"none\"><span class=\"NormalTextRun SCXP212490788 BCX0\">Desmantelamiento del horno de incineraci\u00f3n.<\/span><\/span><span class=\"LineBreakBlob BlobObject SCXP212490788 BCX0\"><span class=\"SCXP212490788 BCX0\">\u200b<\/span><br class=\"SCXP212490788 BCX0\" \/><\/span><strong><span class=\"TextRun MacChromeBold SCXP212490788 BCX0\" lang=\"FR-FR\" xml:lang=\"FR-FR\" data-usefontface=\"false\" data-contrast=\"none\"><span class=\"NormalTextRun SCXP212490788 BCX0\">Marzo de 2007\u00a0<\/span><\/span><\/strong><span class=\"TextRun SCXP212490788 BCX0\" lang=\"FR-FR\" xml:lang=\"FR-FR\" data-usefontface=\"false\" data-contrast=\"none\"><span class=\"NormalTextRun SCXP212490788 BCX0\">: Recepci\u00f3n de\u00a0<\/span><span class=\"SpellingError SCXP212490788 BCX0\">P\u00e9tampes<\/span><span class=\"NormalTextRun SCXP212490788 BCX0\">.<\/span><\/span><span class=\"LineBreakBlob BlobObject SCXP212490788 BCX0\"><span class=\"SCXP212490788 BCX0\">\u200b<\/span><br class=\"SCXP212490788 BCX0\" \/><\/span><strong><span class=\"TextRun MacChromeBold SCXP212490788 BCX0\" lang=\"FR-FR\" xml:lang=\"FR-FR\" data-usefontface=\"false\" data-contrast=\"none\"><span class=\"SpellingError SCXP212490788 BCX0\">Nov<\/span><\/span><span class=\"TextRun MacChromeBold SCXP212490788 BCX0\" lang=\"FR-FR\" xml:lang=\"FR-FR\" data-usefontface=\"false\" data-contrast=\"none\"><span class=\"NormalTextRun SCXP212490788 BCX0\">\u00a02007\u00a0<\/span><\/span><\/strong><span class=\"TextRun SCXP212490788 BCX0\" lang=\"FR-FR\" xml:lang=\"FR-FR\" data-usefontface=\"false\" data-contrast=\"none\"><span class=\"NormalTextRun SCXP212490788 BCX0\">Apertura de los centros de recogida de residuos de LEXOS-VAREN y PARISOT.<\/span><\/span><span class=\"LineBreakBlob BlobObject SCXP212490788 BCX0\"><span class=\"SCXP212490788 BCX0\">\u200b<\/span><br class=\"SCXP212490788 BCX0\" \/><\/span><strong><span class=\"TextRun MacChromeBold SCXP212490788 BCX0\" lang=\"FR-FR\" xml:lang=\"FR-FR\" data-usefontface=\"false\" data-contrast=\"none\"><span class=\"NormalTextRun SCXP212490788 BCX0\">Enero 2008<\/span><\/span><\/strong><span class=\"TextRun SCXP212490788 BCX0\" lang=\"FR-FR\" xml:lang=\"FR-FR\" data-usefontface=\"false\" data-contrast=\"none\"><span class=\"NormalTextRun SCXP212490788 BCX0\"><strong>\u00a0<\/strong>:<\/span><\/span><span class=\"TextRun MacChromeBold SCXP212490788 BCX0\" lang=\"FR-FR\" xml:lang=\"FR-FR\" data-usefontface=\"false\" data-contrast=\"none\"><span class=\"NormalTextRun SCXP212490788 BCX0\">\u00a0<\/span><\/span><span class=\"TextRun SCXP212490788 BCX0\" lang=\"FR-FR\" xml:lang=\"FR-FR\" data-usefontface=\"false\" data-contrast=\"none\"><span class=\"NormalTextRun SCXP212490788 BCX0\">Transferencia de la responsabilidad de los centros de recogida de residuos a la SDD.<\/span><\/span><span class=\"LineBreakBlob BlobObject SCXP212490788 BCX0\"><span class=\"SCXP212490788 BCX0\">\u200b<\/span><br class=\"SCXP212490788 BCX0\" \/><\/span><\/p>\t\t\t\t\t\t\t\t<\/div>\n\t\t\t\t<\/div>\n\t\t\t\t\t<\/div>\n\t\t<\/div>\n\t\t\t\t<div class=\"has_eae_slider elementor-column elementor-col-50 elementor-top-column elementor-element elementor-element-4acc1f7\" data-eae-slider=\"68053\" data-id=\"4acc1f7\" data-element_type=\"column\" data-e-type=\"column\">\n\t\t\t<div class=\"elementor-widget-wrap elementor-element-populated\">\n\t\t\t\t\t\t<div class=\"elementor-element elementor-element-ce99d87 elementor-widget elementor-widget-image\" data-id=\"ce99d87\" data-element_type=\"widget\" data-e-type=\"widget\" data-widget_type=\"image.default\">\n\t\t\t\t<div class=\"elementor-widget-container\">\n\t\t\t\t\t\t\t\t\t\t\t\t\t\t\t<img fetchpriority=\"high\" decoding=\"async\" width=\"800\" height=\"523\" src=\"https:\/\/cc-qrga.fr\/wp-content\/uploads\/2022\/09\/Gazette-juin-2022-webzone-1-1-1024x669.jpg\" class=\"attachment-large size-large wp-image-16643\" alt=\"\" srcset=\"https:\/\/cc-qrga.fr\/wp-content\/uploads\/2022\/09\/Gazette-juin-2022-webzone-1-1-1024x669.jpg 1024w, https:\/\/cc-qrga.fr\/wp-content\/uploads\/2022\/09\/Gazette-juin-2022-webzone-1-1-300x196.jpg 300w, https:\/\/cc-qrga.fr\/wp-content\/uploads\/2022\/09\/Gazette-juin-2022-webzone-1-1-768x502.jpg 768w, https:\/\/cc-qrga.fr\/wp-content\/uploads\/2022\/09\/Gazette-juin-2022-webzone-1-1.jpg 1134w\" sizes=\"(max-width: 800px) 100vw, 800px\" \/>\t\t\t\t\t\t\t\t\t\t\t\t\t\t\t<\/div>\n\t\t\t\t<\/div>\n\t\t\t\t\t<\/div>\n\t\t<\/div>\n\t\t\t\t\t<\/div>\n\t\t<\/section>\n\t\t\t\t<section class=\"has_eae_slider elementor-section elementor-top-section elementor-element elementor-element-7200021 elementor-section-boxed elementor-section-height-default elementor-section-height-default\" data-eae-slider=\"39159\" data-id=\"7200021\" data-element_type=\"section\" data-e-type=\"section\" data-settings=\"{&quot;background_background&quot;:&quot;classic&quot;}\">\n\t\t\t\t\t\t<div class=\"elementor-container elementor-column-gap-default\">\n\t\t\t\t\t<div class=\"has_eae_slider elementor-column elementor-col-100 elementor-top-column elementor-element elementor-element-22c31ac\" data-eae-slider=\"58491\" data-id=\"22c31ac\" data-element_type=\"column\" data-e-type=\"column\">\n\t\t\t<div class=\"elementor-widget-wrap elementor-element-populated\">\n\t\t\t\t\t\t<div class=\"elementor-element elementor-element-e97c811 elementor-widget elementor-widget-heading\" data-id=\"e97c811\" data-element_type=\"widget\" data-e-type=\"widget\" data-widget_type=\"heading.default\">\n\t\t\t\t<div class=\"elementor-widget-container\">\n\t\t\t\t\t<h1 class=\"elementor-heading-title elementor-size-default\">Gaceta n\u00b037<\/h1>\t\t\t\t<\/div>\n\t\t\t\t<\/div>\n\t\t\t\t<div class=\"elementor-element elementor-element-3018398 elementor-widget elementor-widget-heading\" data-id=\"3018398\" data-element_type=\"widget\" data-e-type=\"widget\" data-widget_type=\"heading.default\">\n\t\t\t\t<div class=\"elementor-widget-container\">\n\t\t\t\t\t<h2 class=\"elementor-heading-title elementor-size-default\">Informe especial: Acci\u00f3n cotidiana: gestionar los residuos<\/h2>\t\t\t\t<\/div>\n\t\t\t\t<\/div>\n\t\t\t\t<div class=\"elementor-element elementor-element-370c000 elementor-align-center elementor-widget elementor-widget-button\" data-id=\"370c000\" data-element_type=\"widget\" data-e-type=\"widget\" data-widget_type=\"button.default\">\n\t\t\t\t<div class=\"elementor-widget-container\">\n\t\t\t\t\t\t\t\t\t<div class=\"elementor-button-wrapper\">\n\t\t\t\t\t<a class=\"elementor-button elementor-button-link elementor-size-sm elementor-animation-shrink\" href=\"https:\/\/grottedubosc.com\/ccqrga\/gazette-n37\/\" target=\"_blank\">\n\t\t\t\t\t\t<span class=\"elementor-button-content-wrapper\">\n\t\t\t\t\t\t\t\t\t<span class=\"elementor-button-text\">Ver la Gaceta<\/span>\n\t\t\t\t\t<\/span>\n\t\t\t\t\t<\/a>\n\t\t\t\t<\/div>\n\t\t\t\t\t\t\t\t<\/div>\n\t\t\t\t<\/div>\n\t\t\t\t\t<\/div>\n\t\t<\/div>\n\t\t\t\t\t<\/div>\n\t\t<\/section>\n\t\t\t\t<section class=\"has_eae_slider elementor-section elementor-top-section elementor-element elementor-element-3dfc3cd elementor-section-boxed elementor-section-height-default elementor-section-height-default\" data-eae-slider=\"45063\" data-id=\"3dfc3cd\" data-element_type=\"section\" data-e-type=\"section\">\n\t\t\t\t\t\t<div class=\"elementor-container elementor-column-gap-default\">\n\t\t\t\t\t<div class=\"has_eae_slider elementor-column elementor-col-100 elementor-top-column elementor-element elementor-element-d117e59\" data-eae-slider=\"67730\" data-id=\"d117e59\" data-element_type=\"column\" data-e-type=\"column\">\n\t\t\t<div class=\"elementor-widget-wrap elementor-element-populated\">\n\t\t\t\t\t\t<div class=\"elementor-element elementor-element-29fb47d elementor-widget elementor-widget-heading\" data-id=\"29fb47d\" data-element_type=\"widget\" data-e-type=\"widget\" data-widget_type=\"heading.default\">\n\t\t\t\t<div class=\"elementor-widget-container\">\n\t\t\t\t\t<h2 class=\"elementor-heading-title elementor-size-default\">Residuos dom\u00e9sticos<\/h2>\t\t\t\t<\/div>\n\t\t\t\t<\/div>\n\t\t\t\t<div class=\"elementor-element elementor-element-cef91fd elementor-widget elementor-widget-text-editor\" data-id=\"cef91fd\" data-element_type=\"widget\" data-e-type=\"widget\" data-widget_type=\"text-editor.default\">\n\t\t\t\t<div class=\"elementor-widget-container\">\n\t\t\t\t\t\t\t\t\t<p class=\"p1\">La recogida de residuos es una pol\u00edtica que nos concierne a todos. Residentes permanentes, segundas residencias, veraneantes, profesionales... todos generamos residuos que deben ser recogidos y tratados adecuadamente para reducir nuestra huella medioambiental. La recogida de residuos dom\u00e9sticos es algo m\u00e1s que una responsabilidad intermunicipal: es crucial para preservar y mejorar la calidad de vida en nuestra regi\u00f3n.<\/p><p class=\"p1\">La cuesti\u00f3n de la clasificaci\u00f3n de nuestros residuos es cada vez m\u00e1s importante y constituye un reto al que tenemos que hacer frente. Por un lado, es un reto financiero, porque el coste del tratamiento aumenta constantemente (aumento del combustible, TGAP, etc.). Tambi\u00e9n es un reto medioambiental y social, porque los errores de clasificaci\u00f3n tienen un impacto negativo en el medio ambiente y representan un coste significativo para la comunidad y, en \u00faltima instancia, para los residentes a trav\u00e9s del TEOM.<\/p><p class=\"p1\">Da la casualidad de que nuestra regi\u00f3n no es buena alumna en este sentido. El objetivo del siguiente dossier es explicar detalladamente c\u00f3mo funcionan y se financian la recogida y el tratamiento de residuos. Tambi\u00e9n pretende concienciar sobre la necesidad de reducir y clasificar mejor nuestros residuos, con el fin de controlar el coste de este servicio p\u00fablico. Esto requerir\u00e1 esfuerzos por parte de la autoridad local en t\u00e9rminos de gesti\u00f3n y recursos, pero tambi\u00e9n \"peque\u00f1os gestos\" cotidianos (clasificaci\u00f3n selectiva, compostaje, etc.) que les invito a adoptar.<\/p><p class=\"p2\">En Quercy Rouergue y Gorges de l'Aveyron, tenemos la suerte de contar con un personal entregado y animado por el deseo de servirle lo mejor posible. Por eso estoy convencido de que, juntos, podemos estar a la altura del desaf\u00edo.<\/p>\t\t\t\t\t\t\t\t<\/div>\n\t\t\t\t<\/div>\n\t\t\t\t\t<\/div>\n\t\t<\/div>\n\t\t\t\t\t<\/div>\n\t\t<\/section>\n\t\t\t\t<section class=\"has_eae_slider elementor-section elementor-top-section elementor-element elementor-element-af8c606 elementor-section-boxed elementor-section-height-default elementor-section-height-default\" data-eae-slider=\"546\" data-id=\"af8c606\" data-element_type=\"section\" data-e-type=\"section\" data-settings=\"{&quot;background_background&quot;:&quot;classic&quot;}\">\n\t\t\t\t\t\t<div class=\"elementor-container elementor-column-gap-default\">\n\t\t\t\t\t<div class=\"has_eae_slider elementor-column elementor-col-100 elementor-top-column elementor-element elementor-element-eeace38\" data-eae-slider=\"85949\" data-id=\"eeace38\" data-element_type=\"column\" data-e-type=\"column\">\n\t\t\t<div class=\"elementor-widget-wrap elementor-element-populated\">\n\t\t\t\t\t\t<div class=\"elementor-element elementor-element-70681e0 elementor-widget elementor-widget-heading\" data-id=\"70681e0\" data-element_type=\"widget\" data-e-type=\"widget\" data-widget_type=\"heading.default\">\n\t\t\t\t<div class=\"elementor-widget-container\">\n\t\t\t\t\t<h1 class=\"elementor-heading-title elementor-size-default\">Compostaje<\/h1>\t\t\t\t<\/div>\n\t\t\t\t<\/div>\n\t\t\t\t<div class=\"elementor-element elementor-element-88175df elementor-widget elementor-widget-text-editor\" data-id=\"88175df\" data-element_type=\"widget\" data-e-type=\"widget\" data-widget_type=\"text-editor.default\">\n\t\t\t\t<div class=\"elementor-widget-container\">\n\t\t\t\t\t\t\t\t\t<p><strong>\u00bfQu\u00e9 es el compostaje?<\/strong><\/p><p>Es la descomposici\u00f3n de residuos naturales degradables (restos de comida, peladuras, restos de jard\u00edn, etc.) en un abono natural muy rico, similar a la tierra vegetal: el compost.<\/p><p><strong>\u00bfPor qu\u00e9 compostar?<\/strong><\/p><p>- Produce un abono natural y gratuito para jardines y cultivos que, adem\u00e1s, mejora la capacidad del suelo para retener el agua.<\/p><p>- Reducir el peso de nuestros contenedores de basura dom\u00e9stica (1\/3) y, por tanto, reducir la contaminaci\u00f3n y los costes asociados al transporte y tratamiento.<\/p><p><strong>\u00bfC\u00f3mo funciona?<\/strong><\/p><p>En condiciones adecuadas, las bacterias y los hongos presentes en los alimentos (microorganismos), los insectos (microfauna) y los peque\u00f1os invertebrados (gusanos) trabajan para descomponer la materia.<\/p>\t\t\t\t\t\t\t\t<\/div>\n\t\t\t\t<\/div>\n\t\t\t\t<div class=\"elementor-element elementor-element-ec48817 elementor-tabs-view-horizontal elementor-widget elementor-widget-tabs\" data-id=\"ec48817\" data-element_type=\"widget\" data-e-type=\"widget\" data-widget_type=\"tabs.default\">\n\t\t\t\t<div class=\"elementor-widget-container\">\n\t\t\t\t\t\t\t<div class=\"elementor-tabs\">\n\t\t\t<div class=\"elementor-tabs-wrapper\" role=\"tablist\" >\n\t\t\t\t\t\t\t\t\t<div id=\"elementor-tab-title-2471\" class=\"elementor-tab-title elementor-tab-desktop-title\" aria-selected=\"true\" data-tab=\"1\" role=\"tab\" tabindex=\"0\" aria-controls=\"elementor-tab-content-2471\" aria-expanded=\"false\">Los distintos m\u00e9todos de compostaje<\/div>\n\t\t\t\t\t\t\t\t\t<div id=\"elementor-tab-title-2472\" class=\"elementor-tab-title elementor-tab-desktop-title\" aria-selected=\"false\" data-tab=\"2\" role=\"tab\" tabindex=\"-1\" aria-controls=\"elementor-tab-content-2472\" aria-expanded=\"false\">Las 3 reglas de oro del compostaje en contenedores individuales<\/div>\n\t\t\t\t\t\t\t\t\t<div id=\"elementor-tab-title-2473\" class=\"elementor-tab-title elementor-tab-desktop-title\" aria-selected=\"false\" data-tab=\"3\" role=\"tab\" tabindex=\"-1\" aria-controls=\"elementor-tab-content-2473\" aria-expanded=\"false\">Compostaje individual en contenedores: \u00bfc\u00f3mo hacerlo?<\/div>\n\t\t\t\t\t\t\t\t\t<div id=\"elementor-tab-title-2474\" class=\"elementor-tab-title elementor-tab-desktop-title\" aria-selected=\"false\" data-tab=\"4\" role=\"tab\" tabindex=\"-1\" aria-controls=\"elementor-tab-content-2474\" aria-expanded=\"false\">\u00bfCu\u00e1ndo debe utilizarse el compost?<\/div>\n\t\t\t\t\t\t\t\t\t<div id=\"elementor-tab-title-2475\" class=\"elementor-tab-title elementor-tab-desktop-title\" aria-selected=\"false\" data-tab=\"5\" role=\"tab\" tabindex=\"-1\" aria-controls=\"elementor-tab-content-2475\" aria-expanded=\"false\">Otros asuntos:<\/div>\n\t\t\t\t\t\t\t<\/div>\n\t\t\t<div class=\"elementor-tabs-content-wrapper\" role=\"tablist\" aria-orientation=\"vertical\">\n\t\t\t\t\t\t\t\t\t<div class=\"elementor-tab-title elementor-tab-mobile-title\" aria-selected=\"true\" data-tab=\"1\" role=\"tab\" tabindex=\"0\" aria-controls=\"elementor-tab-content-2471\" aria-expanded=\"false\">Los distintos m\u00e9todos de compostaje<\/div>\n\t\t\t\t\t<div id=\"elementor-tab-content-2471\" class=\"elementor-tab-content elementor-clearfix\" data-tab=\"1\" role=\"tabpanel\" aria-labelledby=\"elementor-tab-title-2471\" tabindex=\"0\" hidden=\"false\"><p>Al compostar, reproducimos el proceso de descomposici\u00f3n que se produce de forma natural en un bosque.<\/p><p><strong>1. compostaje en pilas<\/strong><\/p><p>Los residuos biodegradables que se dejan en un mont\u00f3n en el fondo del jard\u00edn pueden acabar compost\u00e1ndose. Sin embargo, este m\u00e9todo requiere espacio. El mont\u00f3n suele ser antiest\u00e9tico, inc\u00f3modo de remover y airear, y puede recibir la visita de animales dom\u00e9sticos y otras plagas. El compostaje lleva mucho tiempo y el resultado final es un compost que ha perdido sus cualidades nutritivas porque lo arrastra la lluvia.<\/p><p>La pila s\u00f3lo es adecuada para vol\u00famenes muy grandes de compost.<\/p><p><strong>2. Compostaje in situ<\/strong><\/p><p>Se trata de depositar los biorresiduos bajo el mantillo en las zonas de cultivo.<\/p><p>Ventajas: es sencillo y muy eficaz.<\/p><p>Inconvenientes: no tendr\u00e1s compost a mano para trasplantar o plantar \u00e1rboles y arbustos, y corres el riesgo de que tus mascotas hagan picnic all\u00ed.<\/p><p><strong>3. cubo de compostaje individual<\/strong><\/p><p>Se trata de un gran contenedor en el que se optimiza la descomposici\u00f3n de la materia org\u00e1nica para producir compost r\u00e1pidamente. Esta opci\u00f3n es ideal para hogares con espacio al aire libre. El compostaje en un contenedor es adecuado para vol\u00famenes m\u00e1s peque\u00f1os. Mantiene los residuos fuera de la vista y protegidos de los animales y los caprichos del tiempo. Un compostador cerrado ofrece resultados de mejor calidad, pero requiere un control m\u00e1s regular (v\u00e9anse los consejos de gesti\u00f3n del compost m\u00e1s abajo).<\/p><p><strong>4. compostaje colectivo<\/strong><\/p><p>Una soluci\u00f3n para grupos de personas que no disponen de su propio espacio al aire libre. Se pueden instalar uno o varios cubos de compostaje en los bajos de un edificio o en un parque para uso de este grupo. En tal caso, el CC QRGA pide que (al menos) dos miembros de este grupo de residentes sigan nuestro curso gratuito de formaci\u00f3n de Referentes de Sitio. Estos Referentes de Sitio son los contactos directos para los usuarios del sitio. Se benefician del apoyo de los Compost Guides y Master Composters de la CC QRGA en t\u00e9rminos de formaci\u00f3n, liderazgo, asistencia y seguimiento a largo plazo. Si tiene alguna pregunta sobre el compostaje colectivo, escriba a preventiond\u00e9chets@cc-qrga.fr o llame al 05 63 65 77 89.<\/p><p><strong>5. Otras soluciones<\/strong><\/p><p>Los vermicompostadores (compostaje en peque\u00f1as cajas con vasos de tierra) y el Bokashi (fermentaci\u00f3n en un peque\u00f1o recipiente) son soluciones para peque\u00f1os vol\u00famenes que no requieren espacio exterior.<\/p><p>Para los profesionales que producen grandes vol\u00famenes, hablamos del compostaje interno.<\/p><\/div>\n\t\t\t\t\t\t\t\t\t<div class=\"elementor-tab-title elementor-tab-mobile-title\" aria-selected=\"false\" data-tab=\"2\" role=\"tab\" tabindex=\"-1\" aria-controls=\"elementor-tab-content-2472\" aria-expanded=\"false\">Las 3 reglas de oro del compostaje en contenedores individuales<\/div>\n\t\t\t\t\t<div id=\"elementor-tab-content-2472\" class=\"elementor-tab-content elementor-clearfix\" data-tab=\"2\" role=\"tabpanel\" aria-labelledby=\"elementor-tab-title-2472\" tabindex=\"0\" hidden=\"hidden\"><p><strong>1. Variar la ingesta<\/strong><\/p><p>A\u00f1ada un poco de todo en trozos (incluidos los c\u00edtricos). Por cada 1 dosis de materia \"verde, h\u00fameda, nitrogenada\" (frutas y verduras, etc.) a\u00f1ada \u00bd dosis de materia \"marr\u00f3n, seca, carbonosa\" (trizas, hojas muertas).<\/p><p><strong>2. Ventilar<\/strong><\/p><p>Es importante remover el compost con regularidad, utilizando un tenedor, un arp\u00f3n agitador o un agitador de compost.<\/p><p><strong>3. Humedezca<\/strong><\/p><p>Una humidificaci\u00f3n adecuada garantiza un buen proceso de compostaje<\/p><\/div>\n\t\t\t\t\t\t\t\t\t<div class=\"elementor-tab-title elementor-tab-mobile-title\" aria-selected=\"false\" data-tab=\"3\" role=\"tab\" tabindex=\"-1\" aria-controls=\"elementor-tab-content-2473\" aria-expanded=\"false\">Compostaje individual en contenedores: \u00bfc\u00f3mo hacerlo?<\/div>\n\t\t\t\t\t<div id=\"elementor-tab-content-2473\" class=\"elementor-tab-content elementor-clearfix\" data-tab=\"3\" role=\"tabpanel\" aria-labelledby=\"elementor-tab-title-2473\" tabindex=\"0\" hidden=\"hidden\"><ul><li><strong>- Elecci\u00f3n del emplazamiento e instalaci\u00f3n del compostador<\/strong><\/li><\/ul><p>Adaptado a tu compostador, no debe estar demasiado lejos de tu casa (el cubo de la cocina debe vaciarse regularmente). Tu compostador agradecer\u00e1 un rinc\u00f3n en semisombra, protegido de las r\u00e1fagas de viento y muy plano. Debe colocarse sobre una superficie plana. Es preferible colocarlo sobre c\u00e9sped para que penetren los microorganismos de la tierra. Si esto no es posible, no se preocupe: los microorganismos presentes en los alimentos y los insectos de los alrededores seguir\u00e1n haciendo su trabajo.<\/p><ul><li><strong>- Llenar el compostador por primera vez<\/strong><\/li><\/ul><p>Para evitar que los l\u00edquidos se estanquen en tu compostador, empieza por llenarlo de peque\u00f1as ramitas, paja, material triturado, etc.<\/p><p>Cuando tu biocubo (contenedor de cocina para tus biorresiduos) est\u00e9 lleno, vi\u00e9rtelo en tu compostador.<\/p><p>Despu\u00e9s de varios aportes, piense en cavar un peque\u00f1o cr\u00e1ter en sus biorresiduos (una peque\u00f1a garra de jardiner\u00eda puede resultar \u00fatil) y vierta en \u00e9l el contenido de su contenedor de biorresiduos. C\u00fabralo con un poco de material \"seco\" (hojas secas, material triturado, etc.). Por cada dosis de material \"h\u00famedo\" que introduzcas (tus peladuras y restos de comida), a\u00f1ade media dosis de material \"seco\".<\/p><p>Para la siguiente adici\u00f3n, comience removiendo el contenido con una herramienta de aireaci\u00f3n (arp\u00f3n, brass'compost, garra de jardiner\u00eda, etc.) a una distancia de unos veinte cent\u00edmetros, luego haga un cr\u00e1ter, vierta el contenido de su biocubo y c\u00fabralo con materia seca.<\/p><p>Y as\u00ed sucesivamente.<\/p><p>A menos que traigas una cantidad muy grande, el compostador de 400L que te proporciona el CC QRGA es suficiente para una familia de dos adultos y ni\u00f1os. Al cabo de unos meses (unos 6), notar\u00e1s que el material de tu compostador se ha reducido casi a la mitad.<\/p><p>\u00a0<\/p><ul><li><strong>Hacemos compost:<\/strong><\/li><\/ul><p>- Las sobras de pescado y carne se reservan para los cocineros experimentados.<\/p><p>- Frutas (incluidos los c\u00edtricos) y verduras,<\/p><p>- Pelado y da\u00f1ado Cortado en trozos, crudo o cocido. Es un material h\u00famedo y nitrogenado.<\/p><p>- Toallas de papel y pa\u00f1uelos<\/p><p>- sin colorear En peque\u00f1as cantidades.<\/p><p>- Cajas peque\u00f1as de cart\u00f3n marr\u00f3n (rollos de papel de cocina), cajas<\/p><p>- Huevos, cortados en trozos peque\u00f1os.<\/p><p>- C\u00e1scaras de huevo trituradas. No se descomponen pero a\u00f1aden piedra caliza. Puede utilizarse como mantillo.<\/p><p>- C\u00e1scaras de cacahuete y nuez trituradas. En peque\u00f1as cantidades. Puede utilizarse como mantillo.<\/p><ul><li><strong>No hacemos compost:<\/strong><\/li><\/ul><p>- Bolsas de pl\u00e1stico, cubiertos, vajilla, aunque ponga \"biodegradable\" o \"biodegradable\".<\/p><p>\"compostaje\".<\/p><p>- Tierra, piedra, escombros, cenizas.<\/p><p>- Excrementos de animales dom\u00e9sticos (incluso los \"biodegradables\" o \"compostables\")<\/p><p>- Peri\u00f3dicos, revistas, envases de alimentos y cart\u00f3n de colores.<\/p><p>- El vidrio, el metal y el pl\u00e1stico se reciclan<\/p><p>- Carne, pescado (s\u00f3lo para cocineros experimentados)<\/p><ul><li><strong>\u00bfY los residuos de jardiner\u00eda? No veo por qu\u00e9 no.<\/strong><\/li><\/ul><p>- Recortes de hierba Los recortes de hierba frescos se consideran materia nitrogenada (h\u00fameda) y pueden a\u00f1adirse para humedecer el compost. Seco, es un material carbonoso y da estructura a la mezcla. A\u00f1\u00e1dalo siempre en peque\u00f1as cantidades y mezcle bien. Para grandes cantidades, utilice los recortes de hierba seca como mantillo en el huerto y alrededor de los \u00e1rboles, o en un huerto de lasa\u00f1as.<\/p><p>- Esti\u00e9rcol (caballo, oveja, burro, etc.) con moderaci\u00f3n.<\/p><p>- Recorte de setos, serr\u00edn grueso, virutas de madera Di\u00e1metro &lt;1cm y fragmento &lt;10cm. Virutas. Utilice este material carbonoso para estructurar y airear el compost.<\/p><p>- Hojas muertas Mezclar poco a poco con la materia h\u00fameda. Hacer una reserva protegida de la humedad durante el invierno.<\/p><\/div>\n\t\t\t\t\t\t\t\t\t<div class=\"elementor-tab-title elementor-tab-mobile-title\" aria-selected=\"false\" data-tab=\"4\" role=\"tab\" tabindex=\"-1\" aria-controls=\"elementor-tab-content-2474\" aria-expanded=\"false\">\u00bfCu\u00e1ndo debe utilizarse el compost?<\/div>\n\t\t\t\t\t<div id=\"elementor-tab-content-2474\" class=\"elementor-tab-content elementor-clearfix\" data-tab=\"4\" role=\"tabpanel\" aria-labelledby=\"elementor-tab-title-2474\" tabindex=\"0\" hidden=\"hidden\"><p>Para reconocer el compost maduro, basta con hacer algunas observaciones sencillas:<\/p><p>- Un aroma a maleza emana del material<\/p><p>- El abono es de color marr\u00f3n, casi negro.<\/p><p>- Es imposible reconocer los materiales introducidos al principio, todo es fino y homog\u00e9neo (salvo las peque\u00f1as ramas que se ponen para estructurar el compost).<\/p><p>- Hay muchos menos gusanos e insectos<\/p><p>Pocas plantas toleran el compost puro, as\u00ed que m\u00e9zclalo con tierra.<\/p><ul><li><strong>- De 3 a 4 meses :<\/strong><\/li><\/ul><p>Material muy grueso que puede utilizarse como mantillo. Esparcido unos cent\u00edmetros sobre las zonas cultivadas y alrededor de \u00e1rboles y arbustos, limitar\u00e1 la evaporaci\u00f3n y el rebrote de malas hierbas, al tiempo que enriquecer\u00e1 gradualmente el suelo.<\/p><ul><li><strong>- De 6 a 8 meses :<\/strong><\/li><\/ul><p>El compost semigrueso, bastante grueso, puede esparcirse por el suelo como enmienda.<\/p><ul><li><strong>- 10 a 12 meses :<\/strong><\/li><\/ul><p>Compost maduro. Tamizado o no, debe oler a bosque, ser negro y desmenuzable y no contener elementos visibles de sus insumos (salvo los que no se descomponen o lo hacen muy lentamente, por ejemplo, c\u00e1scaras de huevo, madera, etc.). Para plantar, sembrar o trasplantar, mezcle 50% con tierra de jard\u00edn.<\/p><p>No demore el uso de su compost maduro, ya que con el tiempo se mineralizar\u00e1 y perder\u00e1 sus propiedades nutritivas.<\/p><\/div>\n\t\t\t\t\t\t\t\t\t<div class=\"elementor-tab-title elementor-tab-mobile-title\" aria-selected=\"false\" data-tab=\"5\" role=\"tab\" tabindex=\"-1\" aria-controls=\"elementor-tab-content-2475\" aria-expanded=\"false\">Otros asuntos:<\/div>\n\t\t\t\t\t<div id=\"elementor-tab-content-2475\" class=\"elementor-tab-content elementor-clearfix\" data-tab=\"5\" role=\"tabpanel\" aria-labelledby=\"elementor-tab-title-2475\" tabindex=\"0\" hidden=\"hidden\"><ul><li><strong>- \u00bfCon qu\u00e9 regularidad debe preparar cerveza?<\/strong><\/li><\/ul><p>La regularidad de la agitaci\u00f3n depende de la cantidad de alimento. Cuanto m\u00e1s se a\u00f1ada, m\u00e1s a menudo habr\u00e1 que remover. Durante el invierno, no es aconsejable remover para no enfriar demasiado el compost. Por lo dem\u00e1s, se recomienda un removido superficial semanal (20 cm) y un removido profundo mensual (para homogeneizar el compost). Cada compost es \u00fanico, y estas recomendaciones deben adaptarse a su situaci\u00f3n y experiencia particulares.<\/p><ul><li><strong>- \u00bfC\u00f3mo se comprueba el contenido de humedad del compost?<\/strong><\/li><\/ul><p>Realice la \"prueba del pu\u00f1o\": coja un poco de compost con la mano y apri\u00e9telo. Si sale l\u00edquido, el compost est\u00e1 demasiado h\u00famedo y necesita a\u00f1adir materia marr\u00f3n (hojas secas, material triturado, etc.). Si el compost mantiene su forma al abrir la mano, est\u00e1 bien. Si el compost se desmorona al abrir la mano, necesita humedecerse. Para ello, riegue ligeramente y remueva. Repita la prueba del pu\u00f1o al d\u00eda siguiente y reaj\u00fastelo.<\/p><ul><li><strong>- \u00bfQu\u00e9 ocurre con las flores en semilla o las plantas enfermas?<\/strong><\/li><\/ul><p>Si el compostaje se realiza correctamente, se producir\u00e1 un aumento de la temperatura (cercana a los 60 grados cent\u00edgrados) y se destruir\u00e1n los pat\u00f3genos. Esta pr\u00e1ctica debe reservarse a los compostadores experimentados.<\/p><ul><li><strong>- \u00bfQu\u00e9 debe hacer si su casa est\u00e1 invadida por alima\u00f1as?<\/strong><\/li><\/ul><p>Es importante visitar el compost con regularidad para asegurarse de que est\u00e1 en buenas condiciones. El compost que se remueve con regularidad y tiene un buen contenido de humedad no atraer\u00e1 a las plagas. Si ves mosquitos, airea, remueve, a\u00f1ade materia seca y deja la tapa abierta unos d\u00edas. Si se instalan roedores, hay que remover con m\u00e1s regularidad, evitar a\u00f1adir carne y pescado, e incluso asar a la parrilla el fondo del compostador.<\/p><p><strong>- \u00bfPuede vender su compost?<\/strong><\/p><p>Como individuo, la respuesta es no. Tu compost es tuyo y debes utilizarlo t\u00fa.<\/p><\/div>\n\t\t\t\t\t\t\t<\/div>\n\t\t<\/div>\n\t\t\t\t\t\t<\/div>\n\t\t\t\t<\/div>\n\t\t\t\t<div class=\"elementor-element elementor-element-ea66e78 elementor-widget elementor-widget-heading\" data-id=\"ea66e78\" data-element_type=\"widget\" data-e-type=\"widget\" data-widget_type=\"heading.default\">\n\t\t\t\t<div class=\"elementor-widget-container\">\n\t\t\t\t\t<h2 class=\"elementor-heading-title elementor-size-default\">Normativa<\/h2>\t\t\t\t<\/div>\n\t\t\t\t<\/div>\n\t\t\t\t<div class=\"elementor-element elementor-element-c9d24fb elementor-widget elementor-widget-text-editor\" data-id=\"c9d24fb\" data-element_type=\"widget\" data-e-type=\"widget\" data-widget_type=\"text-editor.default\">\n\t\t\t\t<div class=\"elementor-widget-container\">\n\t\t\t\t\t\t\t\t\t<p>A partir del 1 de enero de 2024, la Ley francesa contra los Residuos y de Econom\u00eda Circular exigir\u00e1 que los biorresiduos (restos de comida, residuos de cocina y de jard\u00edn) se clasifiquen en origen. Las autoridades locales deber\u00e1n ofrecer a sus residentes soluciones para que los biorresiduos dejen de arrojarse a la basura dom\u00e9stica.<\/p><p><strong>\u00bfTiene alg\u00fan problema o pregunta?<\/strong><\/p><p>P\u00f3ngase en contacto con nuestros gu\u00edas y maestros compostadores en los servicios t\u00e9cnicos de <strong>la comunidad de municipios de Quercy Rouergue y las Gorges de l'Aveyron<\/strong> en <strong>05 63 65 77 89<\/strong> o escr\u00edbanos a <strong>preventiondechets@cc-qrga.fr<\/strong><\/p>\t\t\t\t\t\t\t\t<\/div>\n\t\t\t\t<\/div>\n\t\t\t\t\t<\/div>\n\t\t<\/div>\n\t\t\t\t\t<\/div>\n\t\t<\/section>\n\t\t\t\t<section class=\"has_eae_slider elementor-section elementor-top-section elementor-element elementor-element-d63c58a elementor-section-boxed elementor-section-height-default elementor-section-height-default\" data-eae-slider=\"2962\" data-id=\"d63c58a\" data-element_type=\"section\" data-e-type=\"section\">\n\t\t\t\t\t\t<div class=\"elementor-container elementor-column-gap-default\">\n\t\t\t\t\t<div class=\"has_eae_slider elementor-column elementor-col-50 elementor-top-column elementor-element elementor-element-b8aab58\" data-eae-slider=\"10411\" data-id=\"b8aab58\" data-element_type=\"column\" data-e-type=\"column\">\n\t\t\t<div class=\"elementor-widget-wrap elementor-element-populated\">\n\t\t\t\t\t\t<div class=\"elementor-element elementor-element-4b16784 elementor-widget elementor-widget-heading\" data-id=\"4b16784\" data-element_type=\"widget\" data-e-type=\"widget\" data-widget_type=\"heading.default\">\n\t\t\t\t<div class=\"elementor-widget-container\">\n\t\t\t\t\t<h2 class=\"elementor-heading-title elementor-size-default\">v\u00eddeos<\/h2>\t\t\t\t<\/div>\n\t\t\t\t<\/div>\n\t\t\t\t<div class=\"elementor-element elementor-element-0a0acdf elementor-widget elementor-widget-heading\" data-id=\"0a0acdf\" data-element_type=\"widget\" data-e-type=\"widget\" data-widget_type=\"heading.default\">\n\t\t\t\t<div class=\"elementor-widget-container\">\n\t\t\t\t\t<h3 class=\"elementor-heading-title elementor-size-default\"> basura dom\u00e9stica<\/h3>\t\t\t\t<\/div>\n\t\t\t\t<\/div>\n\t\t\t\t\t<\/div>\n\t\t<\/div>\n\t\t\t\t<div class=\"has_eae_slider elementor-column elementor-col-50 elementor-top-column elementor-element elementor-element-6f605a5\" data-eae-slider=\"72402\" data-id=\"6f605a5\" data-element_type=\"column\" data-e-type=\"column\">\n\t\t\t<div class=\"elementor-widget-wrap elementor-element-populated\">\n\t\t\t\t\t\t<div class=\"elementor-element elementor-element-2e7ed89 elementor-widget elementor-widget-heading\" data-id=\"2e7ed89\" data-element_type=\"widget\" data-e-type=\"widget\" data-widget_type=\"heading.default\">\n\t\t\t\t<div class=\"elementor-widget-container\">\n\t\t\t\t\t<h2 class=\"elementor-heading-title elementor-size-default\">medios de comunicaci\u00f3n<\/h2>\t\t\t\t<\/div>\n\t\t\t\t<\/div>\n\t\t\t\t<div class=\"elementor-element elementor-element-5338d82 elementor-widget elementor-widget-heading\" data-id=\"5338d82\" data-element_type=\"widget\" data-e-type=\"widget\" data-widget_type=\"heading.default\">\n\t\t\t\t<div class=\"elementor-widget-container\">\n\t\t\t\t\t<h3 class=\"elementor-heading-title elementor-size-default\">Fotos, infograf\u00edas...<\/h3>\t\t\t\t<\/div>\n\t\t\t\t<\/div>\n\t\t\t\t<section class=\"has_eae_slider elementor-section elementor-inner-section elementor-element elementor-element-b5cd239 elementor-section-boxed elementor-section-height-default elementor-section-height-default\" data-eae-slider=\"47749\" data-id=\"b5cd239\" data-element_type=\"section\" data-e-type=\"section\">\n\t\t\t\t\t\t<div class=\"elementor-container elementor-column-gap-default\">\n\t\t\t\t\t<div class=\"has_eae_slider elementor-column elementor-col-50 elementor-inner-column elementor-element elementor-element-0c54f3d\" data-eae-slider=\"74080\" data-id=\"0c54f3d\" data-element_type=\"column\" data-e-type=\"column\">\n\t\t\t<div class=\"elementor-widget-wrap elementor-element-populated\">\n\t\t\t\t\t\t<div class=\"elementor-element elementor-element-6524438 elementor-widget elementor-widget-image\" data-id=\"6524438\" data-element_type=\"widget\" data-e-type=\"widget\" data-widget_type=\"image.default\">\n\t\t\t\t<div class=\"elementor-widget-container\">\n\t\t\t\t\t\t\t\t\t\t\t\t\t\t\t\t<a href=\"https:\/\/cc-qrga.fr\/wp-content\/uploads\/2023\/01\/etude-biodechet-qrga.png\" data-elementor-open-lightbox=\"yes\" data-elementor-lightbox-title=\"etude biode\u0301chet qrga\" data-e-action-hash=\"#elementor-action%3Aaction%3Dlightbox%26settings%3DeyJpZCI6MTkzODQsInVybCI6Imh0dHBzOlwvXC9jYy1xcmdhLmZyXC93cC1jb250ZW50XC91cGxvYWRzXC8yMDIzXC8wMVwvZXR1ZGUtYmlvZGVjaGV0LXFyZ2EucG5nIn0%3D\">\n\t\t\t\t\t\t\t<img decoding=\"async\" width=\"800\" height=\"566\" src=\"https:\/\/cc-qrga.fr\/wp-content\/uploads\/2023\/01\/etude-biodechet-qrga-1024x724.png\" class=\"attachment-large size-large wp-image-19384\" alt=\"\" srcset=\"https:\/\/cc-qrga.fr\/wp-content\/uploads\/2023\/01\/etude-biodechet-qrga-1024x724.png 1024w, https:\/\/cc-qrga.fr\/wp-content\/uploads\/2023\/01\/etude-biodechet-qrga-300x212.png 300w, https:\/\/cc-qrga.fr\/wp-content\/uploads\/2023\/01\/etude-biodechet-qrga-768x543.png 768w, https:\/\/cc-qrga.fr\/wp-content\/uploads\/2023\/01\/etude-biodechet-qrga-1536x1086.png 1536w, https:\/\/cc-qrga.fr\/wp-content\/uploads\/2023\/01\/etude-biodechet-qrga-2048x1448.png 2048w\" sizes=\"(max-width: 800px) 100vw, 800px\" \/>\t\t\t\t\t\t\t\t<\/a>\n\t\t\t\t\t\t\t\t\t\t\t\t\t\t\t<\/div>\n\t\t\t\t<\/div>\n\t\t\t\t\t<\/div>\n\t\t<\/div>\n\t\t\t\t<div class=\"has_eae_slider elementor-column elementor-col-50 elementor-inner-column elementor-element elementor-element-e07ed6b\" data-eae-slider=\"76040\" data-id=\"e07ed6b\" data-element_type=\"column\" data-e-type=\"column\">\n\t\t\t<div class=\"elementor-widget-wrap elementor-element-populated\">\n\t\t\t\t\t\t<div class=\"elementor-element elementor-element-26fe81c elementor-widget elementor-widget-text-editor\" data-id=\"26fe81c\" data-element_type=\"widget\" data-e-type=\"widget\" data-widget_type=\"text-editor.default\">\n\t\t\t\t<div class=\"elementor-widget-container\">\n\t\t\t\t\t\t\t\t\t<p>Composici\u00f3n anual de un cubo de basura dom\u00e9stico para un residente de SDD82<\/p>\t\t\t\t\t\t\t\t<\/div>\n\t\t\t\t<\/div>\n\t\t\t\t\t<\/div>\n\t\t<\/div>\n\t\t\t\t\t<\/div>\n\t\t<\/section>\n\t\t\t\t<div class=\"elementor-element elementor-element-d272fa7 elementor-widget elementor-widget-heading\" data-id=\"d272fa7\" data-element_type=\"widget\" data-e-type=\"widget\" data-widget_type=\"heading.default\">\n\t\t\t\t<div class=\"elementor-widget-container\">\n\t\t\t\t\t<h2 class=\"elementor-heading-title elementor-size-default\">NOTICIAS<\/h2>\t\t\t\t<\/div>\n\t\t\t\t<\/div>\n\t\t\t\t<div class=\"elementor-element elementor-element-53ae26c elementor-widget elementor-widget-heading\" data-id=\"53ae26c\" data-element_type=\"widget\" data-e-type=\"widget\" data-widget_type=\"heading.default\">\n\t\t\t\t<div class=\"elementor-widget-container\">\n\t\t\t\t\t<h3 class=\"elementor-heading-title elementor-size-default\"> basura dom\u00e9stica<\/h3>\t\t\t\t<\/div>\n\t\t\t\t<\/div>\n\t\t\t\t<div class=\"elementor-element elementor-element-618033c elementor-posts--align-center elementor-grid-3 elementor-grid-tablet-2 elementor-grid-mobile-1 elementor-posts--thumbnail-top elementor-widget elementor-widget-posts\" data-id=\"618033c\" data-element_type=\"widget\" data-e-type=\"widget\" data-settings=\"{&quot;classic_row_gap&quot;:{&quot;unit&quot;:&quot;px&quot;,&quot;size&quot;:13,&quot;sizes&quot;:[]},&quot;classic_columns&quot;:&quot;3&quot;,&quot;classic_columns_tablet&quot;:&quot;2&quot;,&quot;classic_columns_mobile&quot;:&quot;1&quot;,&quot;classic_row_gap_tablet&quot;:{&quot;unit&quot;:&quot;px&quot;,&quot;size&quot;:&quot;&quot;,&quot;sizes&quot;:[]},&quot;classic_row_gap_mobile&quot;:{&quot;unit&quot;:&quot;px&quot;,&quot;size&quot;:&quot;&quot;,&quot;sizes&quot;:[]}}\" data-widget_type=\"posts.classic\">\n\t\t\t\t<div class=\"elementor-widget-container\">\n\t\t\t\t\t\t\t<div class=\"elementor-posts-container elementor-posts elementor-posts--skin-classic elementor-grid\" role=\"list\">\n\t\t\t\t<article class=\"elementor-post elementor-grid-item post-28500 post type-post status-publish format-standard hentry category-ordure-menagere\" role=\"listitem\">\n\t\t\t\t<div class=\"elementor-post__text\">\n\t\t\t\t<h3 class=\"elementor-post__title\">\n\t\t\t<a href=\"https:\/\/cc-qrga.fr\/es\/redevance-speciale-professionnels\/\" >\n\t\t\t\tRedevance Sp\u00e9ciale Professionnels\t\t\t<\/a>\n\t\t<\/h3>\n\t\t\n\t\t<a class=\"elementor-post__read-more\" href=\"https:\/\/cc-qrga.fr\/es\/redevance-speciale-professionnels\/\" aria-label=\"M\u00e1s informaci\u00f3n sobre Redevance Sp\u00e9ciale Professionnels\" tabindex=\"-1\" >\n\t\t\tLeer m\u00e1s \"\t\t<\/a>\n\n\t\t\t\t<\/div>\n\t\t\t\t<\/article>\n\t\t\t\t<article class=\"elementor-post elementor-grid-item post-21075 post type-post status-publish format-standard has-post-thumbnail hentry category-accueil-de-loisirs category-ordure-menagere\" role=\"listitem\">\n\t\t\t\t<a class=\"elementor-post__thumbnail__link\" href=\"https:\/\/cc-qrga.fr\/es\/fermeture-decheteries-de-patisot-vendredi-12-mai\/\" tabindex=\"-1\" >\n\t\t\t<div class=\"elementor-post__thumbnail\"><img decoding=\"async\" width=\"300\" height=\"157\" src=\"https:\/\/cc-qrga.fr\/wp-content\/uploads\/2023\/05\/decheteries-copier-1-2-300x157.jpg\" class=\"attachment-medium size-medium wp-image-21098\" alt=\"\" srcset=\"https:\/\/cc-qrga.fr\/wp-content\/uploads\/2023\/05\/decheteries-copier-1-2-300x157.jpg 300w, https:\/\/cc-qrga.fr\/wp-content\/uploads\/2023\/05\/decheteries-copier-1-2-1024x536.jpg 1024w, https:\/\/cc-qrga.fr\/wp-content\/uploads\/2023\/05\/decheteries-copier-1-2-768x402.jpg 768w, https:\/\/cc-qrga.fr\/wp-content\/uploads\/2023\/05\/decheteries-copier-1-2.jpg 1200w\" sizes=\"(max-width: 300px) 100vw, 300px\" \/><\/div>\n\t\t<\/a>\n\t\t\t\t<div class=\"elementor-post__text\">\n\t\t\t\t<h3 class=\"elementor-post__title\">\n\t\t\t<a href=\"https:\/\/cc-qrga.fr\/es\/fermeture-decheteries-de-patisot-vendredi-12-mai\/\" >\n\t\t\t\tS\u00e1bado 27 de mayo de 2023\t\t\t<\/a>\n\t\t<\/h3>\n\t\t\n\t\t<a class=\"elementor-post__read-more\" href=\"https:\/\/cc-qrga.fr\/es\/fermeture-decheteries-de-patisot-vendredi-12-mai\/\" aria-label=\"M\u00e1s informaci\u00f3n sobre Samedi 27 mai 2023\" tabindex=\"-1\" >\n\t\t\tLeer m\u00e1s \"\t\t<\/a>\n\n\t\t\t\t<\/div>\n\t\t\t\t<\/article>\n\t\t\t\t<article class=\"elementor-post elementor-grid-item post-18901 post type-post status-publish format-standard has-post-thumbnail hentry category-accueil-de-loisirs category-ordure-menagere\" role=\"listitem\">\n\t\t\t\t<a class=\"elementor-post__thumbnail__link\" href=\"https:\/\/cc-qrga.fr\/es\/consultation-publique-du-programme-local-de-prevention-des-dechets-menagers-et-assimiles-plpdma\/\" tabindex=\"-1\" >\n\t\t\t<div class=\"elementor-post__thumbnail\"><img loading=\"lazy\" decoding=\"async\" width=\"300\" height=\"200\" src=\"https:\/\/cc-qrga.fr\/wp-content\/uploads\/2022\/12\/fablab_projet_machines-18-300x200.jpg\" class=\"attachment-medium size-medium wp-image-18775\" alt=\"\" srcset=\"https:\/\/cc-qrga.fr\/wp-content\/uploads\/2022\/12\/fablab_projet_machines-18-300x200.jpg 300w, https:\/\/cc-qrga.fr\/wp-content\/uploads\/2022\/12\/fablab_projet_machines-18-1024x683.jpg 1024w, https:\/\/cc-qrga.fr\/wp-content\/uploads\/2022\/12\/fablab_projet_machines-18-768x512.jpg 768w, https:\/\/cc-qrga.fr\/wp-content\/uploads\/2022\/12\/fablab_projet_machines-18-1536x1024.jpg 1536w, https:\/\/cc-qrga.fr\/wp-content\/uploads\/2022\/12\/fablab_projet_machines-18-2048x1365.jpg 2048w\" sizes=\"(max-width: 300px) 100vw, 300px\" \/><\/div>\n\t\t<\/a>\n\t\t\t\t<div class=\"elementor-post__text\">\n\t\t\t\t<h3 class=\"elementor-post__title\">\n\t\t\t<a href=\"https:\/\/cc-qrga.fr\/es\/consultation-publique-du-programme-local-de-prevention-des-dechets-menagers-et-assimiles-plpdma\/\" >\n\t\t\t\tConsulta p\u00fablica sobre el Programa Local de Prevenci\u00f3n de Residuos Dom\u00e9sticos y Asimilados (PLPDMA)\t\t\t<\/a>\n\t\t<\/h3>\n\t\t\n\t\t<a class=\"elementor-post__read-more\" href=\"https:\/\/cc-qrga.fr\/es\/consultation-publique-du-programme-local-de-prevention-des-dechets-menagers-et-assimiles-plpdma\/\" aria-label=\"M\u00e1s informaci\u00f3n sobre Consultation publique du Programme Local de Pr\u00e9vention des D\u00e9chets M\u00e9nagers et Assimil\u00e9s (PLPDMA)\" tabindex=\"-1\" >\n\t\t\tLeer m\u00e1s \"\t\t<\/a>\n\n\t\t\t\t<\/div>\n\t\t\t\t<\/article>\n\t\t\t\t<\/div>\n\t\t\n\t\t\t\t\t\t<\/div>\n\t\t\t\t<\/div>\n\t\t\t\t<div class=\"elementor-element elementor-element-c6ac75e elementor-align-center elementor-widget elementor-widget-button\" data-id=\"c6ac75e\" data-element_type=\"widget\" data-e-type=\"widget\" data-widget_type=\"button.default\">\n\t\t\t\t<div class=\"elementor-widget-container\">\n\t\t\t\t\t\t\t\t\t<div class=\"elementor-button-wrapper\">\n\t\t\t\t\t<a class=\"elementor-button elementor-button-link elementor-size-sm elementor-animation-shrink\" href=\"#\">\n\t\t\t\t\t\t<span class=\"elementor-button-content-wrapper\">\n\t\t\t\t\t\t\t\t\t<span class=\"elementor-button-text\">m\u00e1s noticias<\/span>\n\t\t\t\t\t<\/span>\n\t\t\t\t\t<\/a>\n\t\t\t\t<\/div>\n\t\t\t\t\t\t\t\t<\/div>\n\t\t\t\t<\/div>\n\t\t\t\t\t<\/div>\n\t\t<\/div>\n\t\t\t\t\t<\/div>\n\t\t<\/section>\n\t\t\t\t<\/div>","protected":false},"excerpt":{"rendered":"<p>collecte des d\u00e9chets Historique 1988\u00a0: Cr\u00e9ation du Syndicat Intercommunal de Collecte et de Traitement des Ordures M\u00e9nag\u00e8res (SICTOM)\u00a0\u200b 5 agents, achat des premiers camions, mise<\/p>","protected":false},"author":22,"featured_media":0,"parent":0,"menu_order":0,"comment_status":"closed","ping_status":"closed","template":"","meta":{"footnotes":""},"class_list":["post-141","page","type-page","status-publish","hentry"],"yoast_head":"<!-- This site is optimized with the Yoast SEO plugin v27.5 - https:\/\/yoast.com\/product\/yoast-seo-wordpress\/ -->\n<title>Collecte de d\u00e9chets - Communaut\u00e9 de communes du Quercy Rouergue et des Gorges de l&#039;Aveyron<\/title>\n<meta name=\"description\" content=\"La collecte des d\u00e9chets est une politique qui nous concerne tous. Habitants permanents, r\u00e9sidents secondaires, vacanciers, professionnels, \u2026 nous g\u00e9n\u00e9rons tous des d\u00e9chets qu\u2019il convient de collecter et de traiter convenablement, pour r\u00e9duire notre empreinte sur l\u2019environnement. Au-del\u00e0 d\u2019une comp\u00e9tence intercommunale, la collecte des d\u00e9chets m\u00e9nagers est un enjeu crucial pour la pr\u00e9servation et le renforcement de la qualit\u00e9 de vie sur notre territoire.\" \/>\n<meta name=\"robots\" content=\"index, follow, max-snippet:-1, max-image-preview:large, max-video-preview:-1\" \/>\n<link rel=\"canonical\" href=\"https:\/\/cc-qrga.fr\/es\/collecte-de-dechets\/\" \/>\n<meta property=\"og:locale\" content=\"es_ES\" \/>\n<meta property=\"og:type\" content=\"article\" \/>\n<meta property=\"og:title\" content=\"Collecte de d\u00e9chets - Communaut\u00e9 de communes du Quercy Rouergue et des Gorges de l&#039;Aveyron\" \/>\n<meta property=\"og:description\" content=\"La collecte des d\u00e9chets est une politique qui nous concerne tous. Habitants permanents, r\u00e9sidents secondaires, vacanciers, professionnels, \u2026 nous g\u00e9n\u00e9rons tous des d\u00e9chets qu\u2019il convient de collecter et de traiter convenablement, pour r\u00e9duire notre empreinte sur l\u2019environnement. Au-del\u00e0 d\u2019une comp\u00e9tence intercommunale, la collecte des d\u00e9chets m\u00e9nagers est un enjeu crucial pour la pr\u00e9servation et le renforcement de la qualit\u00e9 de vie sur notre territoire.\" \/>\n<meta property=\"og:url\" content=\"https:\/\/cc-qrga.fr\/es\/collecte-de-dechets\/\" \/>\n<meta property=\"og:site_name\" content=\"Communaut\u00e9 de communes du Quercy Rouergue et des Gorges de l&#039;Aveyron\" \/>\n<meta property=\"article:modified_time\" content=\"2023-11-07T07:36:29+00:00\" \/>\n<meta property=\"og:image\" content=\"https:\/\/cc-qrga.fr\/wp-content\/uploads\/2022\/09\/Gazette-juin-2022-webzone-1-1-1024x669.jpg\" \/>\n<meta name=\"twitter:card\" content=\"summary_large_image\" \/>\n<meta name=\"twitter:label1\" content=\"Tiempo de lectura\" \/>\n\t<meta name=\"twitter:data1\" content=\"12 minutos\" \/>\n<script type=\"application\/ld+json\" class=\"yoast-schema-graph\">{\"@context\":\"https:\\\/\\\/schema.org\",\"@graph\":[{\"@type\":\"WebPage\",\"@id\":\"https:\\\/\\\/cc-qrga.fr\\\/collecte-de-dechets\\\/\",\"url\":\"https:\\\/\\\/cc-qrga.fr\\\/collecte-de-dechets\\\/\",\"name\":\"Collecte de d\u00e9chets - Communaut\u00e9 de communes du Quercy Rouergue et des Gorges de l&#039;Aveyron\",\"isPartOf\":{\"@id\":\"https:\\\/\\\/cc-qrga.fr\\\/#website\"},\"primaryImageOfPage\":{\"@id\":\"https:\\\/\\\/cc-qrga.fr\\\/collecte-de-dechets\\\/#primaryimage\"},\"image\":{\"@id\":\"https:\\\/\\\/cc-qrga.fr\\\/collecte-de-dechets\\\/#primaryimage\"},\"thumbnailUrl\":\"https:\\\/\\\/cc-qrga.fr\\\/wp-content\\\/uploads\\\/2022\\\/09\\\/Gazette-juin-2022-webzone-1-1-1024x669.jpg\",\"datePublished\":\"2022-07-07T07:47:25+00:00\",\"dateModified\":\"2023-11-07T07:36:29+00:00\",\"description\":\"La collecte des d\u00e9chets est une politique qui nous concerne tous. Habitants permanents, r\u00e9sidents secondaires, vacanciers, professionnels, \u2026 nous g\u00e9n\u00e9rons tous des d\u00e9chets qu\u2019il convient de collecter et de traiter convenablement, pour r\u00e9duire notre empreinte sur l\u2019environnement. Au-del\u00e0 d\u2019une comp\u00e9tence intercommunale, la collecte des d\u00e9chets m\u00e9nagers est un enjeu crucial pour la pr\u00e9servation et le renforcement de la qualit\u00e9 de vie sur notre territoire.\",\"breadcrumb\":{\"@id\":\"https:\\\/\\\/cc-qrga.fr\\\/collecte-de-dechets\\\/#breadcrumb\"},\"inLanguage\":\"es\",\"potentialAction\":[{\"@type\":\"ReadAction\",\"target\":[\"https:\\\/\\\/cc-qrga.fr\\\/collecte-de-dechets\\\/\"]}]},{\"@type\":\"ImageObject\",\"inLanguage\":\"es\",\"@id\":\"https:\\\/\\\/cc-qrga.fr\\\/collecte-de-dechets\\\/#primaryimage\",\"url\":\"https:\\\/\\\/cc-qrga.fr\\\/wp-content\\\/uploads\\\/2022\\\/09\\\/Gazette-juin-2022-webzone-1-1-1024x669.jpg\",\"contentUrl\":\"https:\\\/\\\/cc-qrga.fr\\\/wp-content\\\/uploads\\\/2022\\\/09\\\/Gazette-juin-2022-webzone-1-1-1024x669.jpg\"},{\"@type\":\"BreadcrumbList\",\"@id\":\"https:\\\/\\\/cc-qrga.fr\\\/collecte-de-dechets\\\/#breadcrumb\",\"itemListElement\":[{\"@type\":\"ListItem\",\"position\":1,\"name\":\"Accueil\",\"item\":\"https:\\\/\\\/cc-qrga.fr\\\/\"},{\"@type\":\"ListItem\",\"position\":2,\"name\":\"Collecte de d\u00e9chets\"}]},{\"@type\":\"WebSite\",\"@id\":\"https:\\\/\\\/cc-qrga.fr\\\/#website\",\"url\":\"https:\\\/\\\/cc-qrga.fr\\\/\",\"name\":\"Communaut\u00e9 de communes du Quercy Rouergue et des Gorges de l&#039;Aveyron\",\"description\":\"qrga\",\"potentialAction\":[{\"@type\":\"SearchAction\",\"target\":{\"@type\":\"EntryPoint\",\"urlTemplate\":\"https:\\\/\\\/cc-qrga.fr\\\/?s={search_term_string}\"},\"query-input\":{\"@type\":\"PropertyValueSpecification\",\"valueRequired\":true,\"valueName\":\"search_term_string\"}}],\"inLanguage\":\"es\"}]}<\/script>\n<!-- \/ Yoast SEO plugin. -->","yoast_head_json":{"title":"Collecte de d\u00e9chets - Communaut\u00e9 de communes du Quercy Rouergue et des Gorges de l&#039;Aveyron","description":"La recogida de residuos es una pol\u00edtica que nos concierne a todos. Residentes permanentes, segundas residencias, veraneantes, profesionales... todos generamos residuos que deben ser recogidos y tratados adecuadamente para reducir nuestra huella medioambiental. La recogida de residuos dom\u00e9sticos es algo m\u00e1s que una responsabilidad intermunicipal: es crucial para preservar y mejorar la calidad de vida en nuestra regi\u00f3n.","robots":{"index":"index","follow":"follow","max-snippet":"max-snippet:-1","max-image-preview":"max-image-preview:large","max-video-preview":"max-video-preview:-1"},"canonical":"https:\/\/cc-qrga.fr\/es\/collecte-de-dechets\/","og_locale":"es_ES","og_type":"article","og_title":"Collecte de d\u00e9chets - Communaut\u00e9 de communes du Quercy Rouergue et des Gorges de l&#039;Aveyron","og_description":"La collecte des d\u00e9chets est une politique qui nous concerne tous. Habitants permanents, r\u00e9sidents secondaires, vacanciers, professionnels, \u2026 nous g\u00e9n\u00e9rons tous des d\u00e9chets qu\u2019il convient de collecter et de traiter convenablement, pour r\u00e9duire notre empreinte sur l\u2019environnement. Au-del\u00e0 d\u2019une comp\u00e9tence intercommunale, la collecte des d\u00e9chets m\u00e9nagers est un enjeu crucial pour la pr\u00e9servation et le renforcement de la qualit\u00e9 de vie sur notre territoire.","og_url":"https:\/\/cc-qrga.fr\/es\/collecte-de-dechets\/","og_site_name":"Communaut\u00e9 de communes du Quercy Rouergue et des Gorges de l&#039;Aveyron","article_modified_time":"2023-11-07T07:36:29+00:00","og_image":[{"url":"https:\/\/cc-qrga.fr\/wp-content\/uploads\/2022\/09\/Gazette-juin-2022-webzone-1-1-1024x669.jpg","type":"","width":"","height":""}],"twitter_card":"summary_large_image","twitter_misc":{"Tiempo de lectura":"12 minutos"},"schema":{"@context":"https:\/\/schema.org","@graph":[{"@type":"WebPage","@id":"https:\/\/cc-qrga.fr\/collecte-de-dechets\/","url":"https:\/\/cc-qrga.fr\/collecte-de-dechets\/","name":"Collecte de d\u00e9chets - Communaut\u00e9 de communes du Quercy Rouergue et des Gorges de l&#039;Aveyron","isPartOf":{"@id":"https:\/\/cc-qrga.fr\/#website"},"primaryImageOfPage":{"@id":"https:\/\/cc-qrga.fr\/collecte-de-dechets\/#primaryimage"},"image":{"@id":"https:\/\/cc-qrga.fr\/collecte-de-dechets\/#primaryimage"},"thumbnailUrl":"https:\/\/cc-qrga.fr\/wp-content\/uploads\/2022\/09\/Gazette-juin-2022-webzone-1-1-1024x669.jpg","datePublished":"2022-07-07T07:47:25+00:00","dateModified":"2023-11-07T07:36:29+00:00","description":"La recogida de residuos es una pol\u00edtica que nos concierne a todos. Residentes permanentes, segundas residencias, veraneantes, profesionales... todos generamos residuos que deben ser recogidos y tratados adecuadamente para reducir nuestra huella medioambiental. La recogida de residuos dom\u00e9sticos es algo m\u00e1s que una responsabilidad intermunicipal: es crucial para preservar y mejorar la calidad de vida en nuestra regi\u00f3n.","breadcrumb":{"@id":"https:\/\/cc-qrga.fr\/collecte-de-dechets\/#breadcrumb"},"inLanguage":"es","potentialAction":[{"@type":"ReadAction","target":["https:\/\/cc-qrga.fr\/collecte-de-dechets\/"]}]},{"@type":"ImageObject","inLanguage":"es","@id":"https:\/\/cc-qrga.fr\/collecte-de-dechets\/#primaryimage","url":"https:\/\/cc-qrga.fr\/wp-content\/uploads\/2022\/09\/Gazette-juin-2022-webzone-1-1-1024x669.jpg","contentUrl":"https:\/\/cc-qrga.fr\/wp-content\/uploads\/2022\/09\/Gazette-juin-2022-webzone-1-1-1024x669.jpg"},{"@type":"BreadcrumbList","@id":"https:\/\/cc-qrga.fr\/collecte-de-dechets\/#breadcrumb","itemListElement":[{"@type":"ListItem","position":1,"name":"Accueil","item":"https:\/\/cc-qrga.fr\/"},{"@type":"ListItem","position":2,"name":"Collecte de d\u00e9chets"}]},{"@type":"WebSite","@id":"https:\/\/cc-qrga.fr\/#website","url":"https:\/\/cc-qrga.fr\/","name":"Mancomunidad de municipios de Quercy Rouergue y Gargantas del Aveyron","description":"qrga","potentialAction":[{"@type":"SearchAction","target":{"@type":"EntryPoint","urlTemplate":"https:\/\/cc-qrga.fr\/?s={search_term_string}"},"query-input":{"@type":"PropertyValueSpecification","valueRequired":true,"valueName":"search_term_string"}}],"inLanguage":"es"}]}},"_links":{"self":[{"href":"https:\/\/cc-qrga.fr\/es\/wp-json\/wp\/v2\/pages\/141","targetHints":{"allow":["GET"]}}],"collection":[{"href":"https:\/\/cc-qrga.fr\/es\/wp-json\/wp\/v2\/pages"}],"about":[{"href":"https:\/\/cc-qrga.fr\/es\/wp-json\/wp\/v2\/types\/page"}],"author":[{"embeddable":true,"href":"https:\/\/cc-qrga.fr\/es\/wp-json\/wp\/v2\/users\/22"}],"replies":[{"embeddable":true,"href":"https:\/\/cc-qrga.fr\/es\/wp-json\/wp\/v2\/comments?post=141"}],"version-history":[{"count":0,"href":"https:\/\/cc-qrga.fr\/es\/wp-json\/wp\/v2\/pages\/141\/revisions"}],"wp:attachment":[{"href":"https:\/\/cc-qrga.fr\/es\/wp-json\/wp\/v2\/media?parent=141"}],"curies":[{"name":"wp","href":"https:\/\/api.w.org\/{rel}","templated":true}]}}