{"id":20655,"date":"2023-03-15T09:54:44","date_gmt":"2023-03-15T08:54:44","guid":{"rendered":"https:\/\/cc-qrga.fr\/?page_id=20655"},"modified":"2023-03-15T10:22:31","modified_gmt":"2023-03-15T09:22:31","slug":"presse","status":"publish","type":"page","link":"https:\/\/cc-qrga.fr\/nl\/presse\/","title":{"rendered":"Druk op"},"content":{"rendered":"<div data-elementor-type=\"wp-page\" data-elementor-id=\"20655\" class=\"elementor elementor-20655\" data-elementor-post-type=\"page\">\n\t\t\t\t\t\t<section class=\"has_eae_slider elementor-section elementor-top-section elementor-element elementor-element-4c0deac elementor-section-boxed elementor-section-height-default elementor-section-height-default\" data-eae-slider=\"19937\" data-id=\"4c0deac\" data-element_type=\"section\" data-e-type=\"section\">\n\t\t\t\t\t\t<div class=\"elementor-container elementor-column-gap-default\">\n\t\t\t\t\t<div class=\"has_eae_slider elementor-column elementor-col-100 elementor-top-column elementor-element elementor-element-76bd157\" data-eae-slider=\"96254\" data-id=\"76bd157\" data-element_type=\"column\" data-e-type=\"column\">\n\t\t\t<div class=\"elementor-widget-wrap elementor-element-populated\">\n\t\t\t\t\t\t<div class=\"elementor-element elementor-element-3cf6026 elementor-grid-3 elementor-grid-tablet-2 elementor-grid-mobile-1 elementor-posts--thumbnail-top elementor-widget elementor-widget-posts\" data-id=\"3cf6026\" data-element_type=\"widget\" data-e-type=\"widget\" data-settings=\"{&quot;classic_columns&quot;:&quot;3&quot;,&quot;classic_columns_tablet&quot;:&quot;2&quot;,&quot;classic_columns_mobile&quot;:&quot;1&quot;,&quot;classic_row_gap&quot;:{&quot;unit&quot;:&quot;px&quot;,&quot;size&quot;:35,&quot;sizes&quot;:[]},&quot;classic_row_gap_tablet&quot;:{&quot;unit&quot;:&quot;px&quot;,&quot;size&quot;:&quot;&quot;,&quot;sizes&quot;:[]},&quot;classic_row_gap_mobile&quot;:{&quot;unit&quot;:&quot;px&quot;,&quot;size&quot;:&quot;&quot;,&quot;sizes&quot;:[]}}\" data-widget_type=\"posts.classic\">\n\t\t\t\t<div class=\"elementor-widget-container\">\n\t\t\t\t\t\t\t<div class=\"elementor-posts-container elementor-posts elementor-posts--skin-classic elementor-grid\" role=\"list\">\n\t\t\t\t<article class=\"elementor-post elementor-grid-item post-31477 post type-post status-publish format-standard has-post-thumbnail hentry category-conseils-communautaires category-deliberations-arretes-decisions category-proces-verbal\" role=\"listitem\">\n\t\t\t\t<a class=\"elementor-post__thumbnail__link\" href=\"https:\/\/cc-qrga.fr\/nl\/proces-verbal-du-conseil-communautaire-du-7-avril-2026\/\" tabindex=\"-1\" >\n\t\t\t<div class=\"elementor-post__thumbnail\"><img fetchpriority=\"high\" decoding=\"async\" width=\"1200\" height=\"628\" src=\"https:\/\/cc-qrga.fr\/wp-content\/uploads\/2023\/12\/Proces-verbaux.jpg\" class=\"attachment-full size-full wp-image-23285\" alt=\"\" srcset=\"https:\/\/cc-qrga.fr\/wp-content\/uploads\/2023\/12\/Proces-verbaux.jpg 1200w, https:\/\/cc-qrga.fr\/wp-content\/uploads\/2023\/12\/Proces-verbaux-300x157.jpg 300w, https:\/\/cc-qrga.fr\/wp-content\/uploads\/2023\/12\/Proces-verbaux-1024x536.jpg 1024w, https:\/\/cc-qrga.fr\/wp-content\/uploads\/2023\/12\/Proces-verbaux-768x402.jpg 768w\" sizes=\"(max-width: 1200px) 100vw, 1200px\" \/><\/div>\n\t\t<\/a>\n\t\t\t\t<div class=\"elementor-post__text\">\n\t\t\t\t<h3 class=\"elementor-post__title\">\n\t\t\t<a href=\"https:\/\/cc-qrga.fr\/nl\/proces-verbal-du-conseil-communautaire-du-7-avril-2026\/\" >\n\t\t\t\tProc\u00e8s-verbal du Conseil Communautaire du 7 avril 2026\t\t\t<\/a>\n\t\t<\/h3>\n\t\t\t\t<div class=\"elementor-post__meta-data\">\n\t\t\t\t\t<span class=\"elementor-post-date\">\n\t\t\t23 april 2026\t\t<\/span>\n\t\t\t\t<span class=\"elementor-post-avatar\">\n\t\t\tGeen reacties\t\t<\/span>\n\t\t\t\t<\/div>\n\t\t\t\t<div class=\"elementor-post__excerpt\">\n\t\t\t<p>Vous trouverez ci-dessous en t\u00e9l\u00e9chargement le proc\u00e8s-verbal du conseil communautaire du 7 avril dernier, approuv\u00e9 lors du conseil communautaire du 21 avril 2026 :<\/p>\n\t\t<\/div>\n\t\t\n\t\t<a class=\"elementor-post__read-more\" href=\"https:\/\/cc-qrga.fr\/nl\/proces-verbal-du-conseil-communautaire-du-7-avril-2026\/\" aria-label=\"Read more about Proc\u00e8s-verbal du Conseil Communautaire du 7 avril 2026\" tabindex=\"-1\" >\n\t\t\tLees meer \"\t\t<\/a>\n\n\t\t\t\t<\/div>\n\t\t\t\t<\/article>\n\t\t\t\t<article class=\"elementor-post elementor-grid-item post-31469 post type-post status-publish format-standard has-post-thumbnail hentry category-compte-rendu-conseil-communautaire category-conseils-communautaires category-deliberations-arretes-decisions\" role=\"listitem\">\n\t\t\t\t<a class=\"elementor-post__thumbnail__link\" href=\"https:\/\/cc-qrga.fr\/nl\/conseil-du-7-avril-2026-liste-et-deliberations\/\" tabindex=\"-1\" >\n\t\t\t<div class=\"elementor-post__thumbnail\"><img decoding=\"async\" width=\"1200\" height=\"628\" src=\"https:\/\/cc-qrga.fr\/wp-content\/uploads\/2024\/11\/Comptes-rendu-300x157-2.jpg\" class=\"attachment-full size-full wp-image-27233\" alt=\"\" srcset=\"https:\/\/cc-qrga.fr\/wp-content\/uploads\/2024\/11\/Comptes-rendu-300x157-2.jpg 1200w, https:\/\/cc-qrga.fr\/wp-content\/uploads\/2024\/11\/Comptes-rendu-300x157-2-300x157.jpg 300w, https:\/\/cc-qrga.fr\/wp-content\/uploads\/2024\/11\/Comptes-rendu-300x157-2-1024x536.jpg 1024w, https:\/\/cc-qrga.fr\/wp-content\/uploads\/2024\/11\/Comptes-rendu-300x157-2-768x402.jpg 768w, https:\/\/cc-qrga.fr\/wp-content\/uploads\/2024\/11\/Comptes-rendu-300x157-2-18x9.jpg 18w\" sizes=\"(max-width: 1200px) 100vw, 1200px\" \/><\/div>\n\t\t<\/a>\n\t\t\t\t<div class=\"elementor-post__text\">\n\t\t\t\t<h3 class=\"elementor-post__title\">\n\t\t\t<a href=\"https:\/\/cc-qrga.fr\/nl\/conseil-du-7-avril-2026-liste-et-deliberations\/\" >\n\t\t\t\tCONSEIL DU 7 AVRIL 2026 &#8211; LISTE ET DELIBERATIONS\t\t\t<\/a>\n\t\t<\/h3>\n\t\t\t\t<div class=\"elementor-post__meta-data\">\n\t\t\t\t\t<span class=\"elementor-post-date\">\n\t\t\t23 april 2026\t\t<\/span>\n\t\t\t\t<span class=\"elementor-post-avatar\">\n\t\t\tGeen reacties\t\t<\/span>\n\t\t\t\t<\/div>\n\t\t\t\t<div class=\"elementor-post__excerpt\">\n\t\t\t\t\t<\/div>\n\t\t\n\t\t<a class=\"elementor-post__read-more\" href=\"https:\/\/cc-qrga.fr\/nl\/conseil-du-7-avril-2026-liste-et-deliberations\/\" aria-label=\"Read more about CONSEIL DU 7 AVRIL 2026 &#8211; LISTE ET DELIBERATIONS\" tabindex=\"-1\" >\n\t\t\tLees meer \"\t\t<\/a>\n\n\t\t\t\t<\/div>\n\t\t\t\t<\/article>\n\t\t\t\t<article class=\"elementor-post elementor-grid-item post-31454 post type-post status-publish format-standard has-post-thumbnail hentry category-recrutement\" role=\"listitem\">\n\t\t\t\t<a class=\"elementor-post__thumbnail__link\" href=\"https:\/\/cc-qrga.fr\/nl\/adjointe-alsh-caylus\/\" tabindex=\"-1\" >\n\t\t\t<div class=\"elementor-post__thumbnail\"><img decoding=\"async\" width=\"620\" height=\"344\" src=\"https:\/\/cc-qrga.fr\/wp-content\/uploads\/2026\/04\/animation-caylus.png\" class=\"attachment-full size-full wp-image-31460\" alt=\"\" srcset=\"https:\/\/cc-qrga.fr\/wp-content\/uploads\/2026\/04\/animation-caylus.png 620w, https:\/\/cc-qrga.fr\/wp-content\/uploads\/2026\/04\/animation-caylus-300x166.png 300w, https:\/\/cc-qrga.fr\/wp-content\/uploads\/2026\/04\/animation-caylus-18x10.png 18w\" sizes=\"(max-width: 620px) 100vw, 620px\" \/><\/div>\n\t\t<\/a>\n\t\t\t\t<div class=\"elementor-post__text\">\n\t\t\t\t<h3 class=\"elementor-post__title\">\n\t\t\t<a href=\"https:\/\/cc-qrga.fr\/nl\/adjointe-alsh-caylus\/\" >\n\t\t\t\tAdjoint(e) d&rsquo;animation ALSH \u2013 Caylus\u00a0\t\t\t<\/a>\n\t\t<\/h3>\n\t\t\t\t<div class=\"elementor-post__meta-data\">\n\t\t\t\t\t<span class=\"elementor-post-date\">\n\t\t\t22 april 2026\t\t<\/span>\n\t\t\t\t<span class=\"elementor-post-avatar\">\n\t\t\tGeen reacties\t\t<\/span>\n\t\t\t\t<\/div>\n\t\t\t\t<div class=\"elementor-post__excerpt\">\n\t\t\t<p>Adjoint(e) d&rsquo;animation ALSH Le service eau et assainissement lieu Caylus d\u00e9but 1er juin 2026 date limite 22 mai 2026 temps de travail Type de contrat<\/p>\n\t\t<\/div>\n\t\t\n\t\t<a class=\"elementor-post__read-more\" href=\"https:\/\/cc-qrga.fr\/nl\/adjointe-alsh-caylus\/\" aria-label=\"Read more about Adjoint(e) d&rsquo;animation ALSH \u2013 Caylus\u00a0\" tabindex=\"-1\" >\n\t\t\tLees meer \"\t\t<\/a>\n\n\t\t\t\t<\/div>\n\t\t\t\t<\/article>\n\t\t\t\t<article class=\"elementor-post elementor-grid-item post-31443 post type-post status-publish format-standard has-post-thumbnail hentry category-recrutement\" role=\"listitem\">\n\t\t\t\t<a class=\"elementor-post__thumbnail__link\" href=\"https:\/\/cc-qrga.fr\/nl\/agent-entretien\/\" tabindex=\"-1\" >\n\t\t\t<div class=\"elementor-post__thumbnail\"><img loading=\"lazy\" decoding=\"async\" width=\"620\" height=\"344\" src=\"https:\/\/cc-qrga.fr\/wp-content\/uploads\/2026\/04\/Recrutement-entretien.png\" class=\"attachment-full size-full wp-image-31450\" alt=\"\" srcset=\"https:\/\/cc-qrga.fr\/wp-content\/uploads\/2026\/04\/Recrutement-entretien.png 620w, https:\/\/cc-qrga.fr\/wp-content\/uploads\/2026\/04\/Recrutement-entretien-300x166.png 300w, https:\/\/cc-qrga.fr\/wp-content\/uploads\/2026\/04\/Recrutement-entretien-18x10.png 18w\" sizes=\"(max-width: 620px) 100vw, 620px\" \/><\/div>\n\t\t<\/a>\n\t\t\t\t<div class=\"elementor-post__text\">\n\t\t\t\t<h3 class=\"elementor-post__title\">\n\t\t\t<a href=\"https:\/\/cc-qrga.fr\/nl\/agent-entretien\/\" >\n\t\t\t\tAGENT ENTRETIEN\u00a0\u00a0\t\t\t<\/a>\n\t\t<\/h3>\n\t\t\t\t<div class=\"elementor-post__meta-data\">\n\t\t\t\t\t<span class=\"elementor-post-date\">\n\t\t\t22 april 2026\t\t<\/span>\n\t\t\t\t<span class=\"elementor-post-avatar\">\n\t\t\tGeen reacties\t\t<\/span>\n\t\t\t\t<\/div>\n\t\t\t\t<div class=\"elementor-post__excerpt\">\n\t\t\t<p>AGENT ENTRETIEN (H\/F) lieu Caylus (plusieurs sites intercommunaux) d\u00e9but Au plus t\u00f4t date limite 04\/05\/2026\u00a0 temps de travail CDD remplacement Temps de travail hebdomadaire\u202f: 17h00<\/p>\n\t\t<\/div>\n\t\t\n\t\t<a class=\"elementor-post__read-more\" href=\"https:\/\/cc-qrga.fr\/nl\/agent-entretien\/\" aria-label=\"Read more about AGENT ENTRETIEN\u00a0\u00a0\" tabindex=\"-1\" >\n\t\t\tLees meer \"\t\t<\/a>\n\n\t\t\t\t<\/div>\n\t\t\t\t<\/article>\n\t\t\t\t<article class=\"elementor-post elementor-grid-item post-31422 post type-post status-publish format-standard has-post-thumbnail hentry category-recrutement\" role=\"listitem\">\n\t\t\t\t<a class=\"elementor-post__thumbnail__link\" href=\"https:\/\/cc-qrga.fr\/nl\/assistant-e-de-gestion-en-ressources-humaines\/\" tabindex=\"-1\" >\n\t\t\t<div class=\"elementor-post__thumbnail\"><img loading=\"lazy\" decoding=\"async\" width=\"620\" height=\"344\" src=\"https:\/\/cc-qrga.fr\/wp-content\/uploads\/2026\/04\/Recrutement-RH.png\" class=\"attachment-full size-full wp-image-31426\" alt=\"\" srcset=\"https:\/\/cc-qrga.fr\/wp-content\/uploads\/2026\/04\/Recrutement-RH.png 620w, https:\/\/cc-qrga.fr\/wp-content\/uploads\/2026\/04\/Recrutement-RH-300x166.png 300w, https:\/\/cc-qrga.fr\/wp-content\/uploads\/2026\/04\/Recrutement-RH-18x10.png 18w\" sizes=\"(max-width: 620px) 100vw, 620px\" \/><\/div>\n\t\t<\/a>\n\t\t\t\t<div class=\"elementor-post__text\">\n\t\t\t\t<h3 class=\"elementor-post__title\">\n\t\t\t<a href=\"https:\/\/cc-qrga.fr\/nl\/assistant-e-de-gestion-en-ressources-humaines\/\" >\n\t\t\t\tASSISTANT.E DE GESTION EN RESSOURCES HUMAINES\u00a0\t\t\t<\/a>\n\t\t<\/h3>\n\t\t\t\t<div class=\"elementor-post__meta-data\">\n\t\t\t\t\t<span class=\"elementor-post-date\">\n\t\t\t22 april 2026\t\t<\/span>\n\t\t\t\t<span class=\"elementor-post-avatar\">\n\t\t\tGeen reacties\t\t<\/span>\n\t\t\t\t<\/div>\n\t\t\t\t<div class=\"elementor-post__excerpt\">\n\t\t\t<p>ASSISTANT.E DE GESTION EN RESSOURCES HUMAINES Le service RH lieu Saint-Antonin-Noble-Val d\u00e9but 1er juin 2026 (avec p\u00e9riode de tuilage) date limite 15 mai 2026 temps<\/p>\n\t\t<\/div>\n\t\t\n\t\t<a class=\"elementor-post__read-more\" href=\"https:\/\/cc-qrga.fr\/nl\/assistant-e-de-gestion-en-ressources-humaines\/\" aria-label=\"Read more about ASSISTANT.E DE GESTION EN RESSOURCES HUMAINES\u00a0\" tabindex=\"-1\" >\n\t\t\tLees meer \"\t\t<\/a>\n\n\t\t\t\t<\/div>\n\t\t\t\t<\/article>\n\t\t\t\t<article class=\"elementor-post elementor-grid-item post-31401 post type-post status-publish format-standard has-post-thumbnail hentry category-accueil-de-loisirs category-compte-rendu-conseil-communautaire category-conseils-communautaires category-deliberations-arretes-decisions\" role=\"listitem\">\n\t\t\t\t<a class=\"elementor-post__thumbnail__link\" href=\"https:\/\/cc-qrga.fr\/nl\/election-du-president-et-des-vice-presidents-de-la-ccqrga\/\" tabindex=\"-1\" >\n\t\t\t<div class=\"elementor-post__thumbnail\"><img loading=\"lazy\" decoding=\"async\" width=\"310\" height=\"165\" src=\"https:\/\/cc-qrga.fr\/wp-content\/uploads\/2022\/10\/Image-Compte-rendu-CC.jpg\" class=\"attachment-full size-full wp-image-18148\" alt=\"\" srcset=\"https:\/\/cc-qrga.fr\/wp-content\/uploads\/2022\/10\/Image-Compte-rendu-CC.jpg 310w, https:\/\/cc-qrga.fr\/wp-content\/uploads\/2022\/10\/Image-Compte-rendu-CC-300x160.jpg 300w\" sizes=\"(max-width: 310px) 100vw, 310px\" \/><\/div>\n\t\t<\/a>\n\t\t\t\t<div class=\"elementor-post__text\">\n\t\t\t\t<h3 class=\"elementor-post__title\">\n\t\t\t<a href=\"https:\/\/cc-qrga.fr\/nl\/election-du-president-et-des-vice-presidents-de-la-ccqrga\/\" >\n\t\t\t\tELECTION DU PRESIDENT ET DES VICE-PRESIDENTS DE LA CCQRGA\t\t\t<\/a>\n\t\t<\/h3>\n\t\t\t\t<div class=\"elementor-post__meta-data\">\n\t\t\t\t\t<span class=\"elementor-post-date\">\n\t\t\t14 april 2026\t\t<\/span>\n\t\t\t\t<span class=\"elementor-post-avatar\">\n\t\t\tGeen reacties\t\t<\/span>\n\t\t\t\t<\/div>\n\t\t\t\t<div class=\"elementor-post__excerpt\">\n\t\t\t<p>Veuillez trouver ci-dessous la feuille de proclamation des r\u00e9sultats des \u00e9lections communautaires, qui se sont tenues le 7 avril 2026.<\/p>\n\t\t<\/div>\n\t\t\n\t\t<a class=\"elementor-post__read-more\" href=\"https:\/\/cc-qrga.fr\/nl\/election-du-president-et-des-vice-presidents-de-la-ccqrga\/\" aria-label=\"Read more about ELECTION DU PRESIDENT ET DES VICE-PRESIDENTS DE LA CCQRGA\" tabindex=\"-1\" >\n\t\t\tLees meer \"\t\t<\/a>\n\n\t\t\t\t<\/div>\n\t\t\t\t<\/article>\n\t\t\t\t<\/div>\n\t\t\n\t\t\t\t\t\t<\/div>\n\t\t\t\t<\/div>\n\t\t\t\t\t<\/div>\n\t\t<\/div>\n\t\t\t\t\t<\/div>\n\t\t<\/section>\n\t\t\t\t<\/div>","protected":false},"excerpt":{"rendered":"","protected":false},"author":22,"featured_media":0,"parent":0,"menu_order":0,"comment_status":"closed","ping_status":"closed","template":"","meta":{"footnotes":""},"class_list":["post-20655","page","type-page","status-publish","hentry"],"yoast_head":"<!-- This site is optimized with the Yoast SEO plugin v27.4 - https:\/\/yoast.com\/product\/yoast-seo-wordpress\/ -->\n<title>Presse - Communaut\u00e9 de communes du Quercy Rouergue et des Gorges de l&#039;Aveyron<\/title>\n<meta name=\"robots\" content=\"index, follow, max-snippet:-1, max-image-preview:large, max-video-preview:-1\" \/>\n<link rel=\"canonical\" href=\"https:\/\/cc-qrga.fr\/nl\/presse\/\" \/>\n<meta property=\"og:locale\" content=\"nl_BE\" \/>\n<meta property=\"og:type\" content=\"article\" \/>\n<meta property=\"og:title\" content=\"Presse - Communaut\u00e9 de communes du Quercy Rouergue et des Gorges de l&#039;Aveyron\" \/>\n<meta property=\"og:url\" content=\"https:\/\/cc-qrga.fr\/nl\/presse\/\" \/>\n<meta property=\"og:site_name\" content=\"Communaut\u00e9 de communes du Quercy Rouergue et des Gorges de l&#039;Aveyron\" \/>\n<meta property=\"article:modified_time\" content=\"2023-03-15T09:22:31+00:00\" \/>\n<meta name=\"twitter:card\" content=\"summary_large_image\" \/>\n<meta name=\"twitter:label1\" content=\"Geschatte leestijd\" \/>\n\t<meta name=\"twitter:data1\" content=\"1 minuut\" \/>\n<script type=\"application\/ld+json\" class=\"yoast-schema-graph\">{\"@context\":\"https:\\\/\\\/schema.org\",\"@graph\":[{\"@type\":\"WebPage\",\"@id\":\"https:\\\/\\\/cc-qrga.fr\\\/presse\\\/\",\"url\":\"https:\\\/\\\/cc-qrga.fr\\\/presse\\\/\",\"name\":\"Presse - Communaut\u00e9 de communes du Quercy Rouergue et des Gorges de l&#039;Aveyron\",\"isPartOf\":{\"@id\":\"https:\\\/\\\/cc-qrga.fr\\\/#website\"},\"datePublished\":\"2023-03-15T08:54:44+00:00\",\"dateModified\":\"2023-03-15T09:22:31+00:00\",\"breadcrumb\":{\"@id\":\"https:\\\/\\\/cc-qrga.fr\\\/presse\\\/#breadcrumb\"},\"inLanguage\":\"nl-BE\",\"potentialAction\":[{\"@type\":\"ReadAction\",\"target\":[\"https:\\\/\\\/cc-qrga.fr\\\/presse\\\/\"]}]},{\"@type\":\"BreadcrumbList\",\"@id\":\"https:\\\/\\\/cc-qrga.fr\\\/presse\\\/#breadcrumb\",\"itemListElement\":[{\"@type\":\"ListItem\",\"position\":1,\"name\":\"Accueil\",\"item\":\"https:\\\/\\\/cc-qrga.fr\\\/\"},{\"@type\":\"ListItem\",\"position\":2,\"name\":\"Presse\"}]},{\"@type\":\"WebSite\",\"@id\":\"https:\\\/\\\/cc-qrga.fr\\\/#website\",\"url\":\"https:\\\/\\\/cc-qrga.fr\\\/\",\"name\":\"Communaut\u00e9 de communes du Quercy Rouergue et des Gorges de l&#039;Aveyron\",\"description\":\"qrga\",\"potentialAction\":[{\"@type\":\"SearchAction\",\"target\":{\"@type\":\"EntryPoint\",\"urlTemplate\":\"https:\\\/\\\/cc-qrga.fr\\\/?s={search_term_string}\"},\"query-input\":{\"@type\":\"PropertyValueSpecification\",\"valueRequired\":true,\"valueName\":\"search_term_string\"}}],\"inLanguage\":\"nl-BE\"}]}<\/script>\n<!-- \/ Yoast SEO plugin. -->","yoast_head_json":{"title":"Presse - Communaut\u00e9 de communes du Quercy Rouergue et des Gorges de l&#039;Aveyron","robots":{"index":"index","follow":"follow","max-snippet":"max-snippet:-1","max-image-preview":"max-image-preview:large","max-video-preview":"max-video-preview:-1"},"canonical":"https:\/\/cc-qrga.fr\/nl\/presse\/","og_locale":"nl_BE","og_type":"article","og_title":"Presse - Communaut\u00e9 de communes du Quercy Rouergue et des Gorges de l&#039;Aveyron","og_url":"https:\/\/cc-qrga.fr\/nl\/presse\/","og_site_name":"Communaut\u00e9 de communes du Quercy Rouergue et des Gorges de l&#039;Aveyron","article_modified_time":"2023-03-15T09:22:31+00:00","twitter_card":"summary_large_image","twitter_misc":{"Geschatte leestijd":"1 minuut"},"schema":{"@context":"https:\/\/schema.org","@graph":[{"@type":"WebPage","@id":"https:\/\/cc-qrga.fr\/presse\/","url":"https:\/\/cc-qrga.fr\/presse\/","name":"Presse - Communaut\u00e9 de communes du Quercy Rouergue et des Gorges de l&#039;Aveyron","isPartOf":{"@id":"https:\/\/cc-qrga.fr\/#website"},"datePublished":"2023-03-15T08:54:44+00:00","dateModified":"2023-03-15T09:22:31+00:00","breadcrumb":{"@id":"https:\/\/cc-qrga.fr\/presse\/#breadcrumb"},"inLanguage":"nl-BE","potentialAction":[{"@type":"ReadAction","target":["https:\/\/cc-qrga.fr\/presse\/"]}]},{"@type":"BreadcrumbList","@id":"https:\/\/cc-qrga.fr\/presse\/#breadcrumb","itemListElement":[{"@type":"ListItem","position":1,"name":"Accueil","item":"https:\/\/cc-qrga.fr\/"},{"@type":"ListItem","position":2,"name":"Presse"}]},{"@type":"WebSite","@id":"https:\/\/cc-qrga.fr\/#website","url":"https:\/\/cc-qrga.fr\/","name":"Gemeenschap van gemeenten van Quercy Rouergue en de Gorges de l'Aveyron","description":"qrga","potentialAction":[{"@type":"SearchAction","target":{"@type":"EntryPoint","urlTemplate":"https:\/\/cc-qrga.fr\/?s={search_term_string}"},"query-input":{"@type":"PropertyValueSpecification","valueRequired":true,"valueName":"search_term_string"}}],"inLanguage":"nl-BE"}]}},"_links":{"self":[{"href":"https:\/\/cc-qrga.fr\/nl\/wp-json\/wp\/v2\/pages\/20655","targetHints":{"allow":["GET"]}}],"collection":[{"href":"https:\/\/cc-qrga.fr\/nl\/wp-json\/wp\/v2\/pages"}],"about":[{"href":"https:\/\/cc-qrga.fr\/nl\/wp-json\/wp\/v2\/types\/page"}],"author":[{"embeddable":true,"href":"https:\/\/cc-qrga.fr\/nl\/wp-json\/wp\/v2\/users\/22"}],"replies":[{"embeddable":true,"href":"https:\/\/cc-qrga.fr\/nl\/wp-json\/wp\/v2\/comments?post=20655"}],"version-history":[{"count":0,"href":"https:\/\/cc-qrga.fr\/nl\/wp-json\/wp\/v2\/pages\/20655\/revisions"}],"wp:attachment":[{"href":"https:\/\/cc-qrga.fr\/nl\/wp-json\/wp\/v2\/media?parent=20655"}],"curies":[{"name":"wp","href":"https:\/\/api.w.org\/{rel}","templated":true}]}}